{"id":8241,"date":"2022-03-03T08:39:16","date_gmt":"2022-03-03T07:39:16","guid":{"rendered":"https:\/\/www.skrateljc.org\/?page_id=8241"},"modified":"2022-03-03T09:18:56","modified_gmt":"2022-03-03T08:18:56","slug":"glasbene-pravljice","status":"publish","type":"page","link":"https:\/\/www.skrateljc.org\/it\/glasbene-pravljice\/","title":{"rendered":"Glasbene pravljice"},"content":{"rendered":"<div id=\"gap-1690011321\" class=\"gap-element clearfix\" style=\"display:block; height:auto;\">\n\t\t\n<style>\n#gap-1690011321 {\n  padding-top: 170px;\n}\n<\/style>\n\t<\/div>\n\t\n\n\t<section class=\"section\" id=\"section_1796440813\">\n\t\t<div class=\"section-bg fill\" >\n\t\t\t\t\t\t\t\t\t\n\t\t\t\n\n\t\t<\/div>\n\n\t\t\n\n\t\t<div class=\"section-content relative\">\n\t\t\t\n<div class=\"row align-middle align-center\"  id=\"row-1320918958\">\n\n\t<div id=\"col-87011230\" class=\"col small-12 large-12\"  >\n\t\t\t\t<div class=\"col-inner\"  >\n\t\t\t\n\t\t\t\n<h1><\/h1>\n<h1 style=\"text-align: center;\"><span style=\"color: #ffffff; font-size: 160%; padding-bottom: 10px;\">GLASBENE PRAVLJICE<\/span><\/h1>\n\t\t<\/div>\n\t\t\t\t\t<\/div>\n\n\t\n<\/div>\n\t\t<\/div>\n\n\t\t\n<style>\n#section_1796440813 {\n  padding-top: 17px;\n  padding-bottom: 17px;\n  background-color: rgb(189, 154, 122);\n}\n<\/style>\n\t<\/section>\n\t\n\t<div id=\"gap-440273959\" class=\"gap-element clearfix\" style=\"display:block; height:auto;\">\n\t\t\n<style>\n#gap-440273959 {\n  padding-top: 40px;\n}\n<\/style>\n\t<\/div>\n\t\n\t<div id=\"gap-18221234\" class=\"gap-element clearfix\" style=\"display:block; height:auto;\">\n\t\t\n<style>\n#gap-18221234 {\n  padding-top: 30px;\n}\n<\/style>\n\t<\/div>\n\t\n<div class=\"row\"  id=\"row-700423425\">\n\n\t<div id=\"col-1312238784\" class=\"col small-12 large-12\"  >\n\t\t\t\t<div class=\"col-inner\"  >\n\t\t\t\n\t\t\t\n<p style=\"text-align: center;\"><span style=\"font-size: 105%;\"><b><i>Za pred\u0161olske otroke in u\u010dence 1. triade O\u0160\u00a0smo pripravili uglasbljene zgodbe pravlji\u010dno-do\u017eivljajskih poti, ki vam jih predstavljamo v nadaljevanju. Izdane so na dveh zgo\u0161\u010denkah, izvajamo pa jih tudi kot predstave v vrtcih in \u0161olah. Otroci preko zvokov, glasov, melodij in do\u017eivetega pripovedovanja spoznavajo skrivnosti slovenskih krajev, pokrajin in ljudi.\u00a0<\/i><\/b><\/span><\/p>\n\t\t<\/div>\n\t\t\t\t\t<\/div>\n\n\t\n<\/div>\n<div class=\"row\"  id=\"row-147579166\">\n\n\t<div id=\"col-1810112443\" class=\"col medium-8 small-12 large-8\"  >\n\t\t\t\t<div class=\"col-inner\"  >\n\t\t\t\n\t\t\t\n<h1 style=\"text-align: center; padding-bottom: 30px;\"><span style=\"color: #8a916c; font-size: 160%;\">Il Carso dei Folletti<\/span><\/h1>\n<h4><b><i>Nastopajo: Nina Pe\u010de Grilc, Ana Kravanja in Samo Kutin, trajanje 30 minut<\/i><\/b><\/h4>\n<p><i><span style=\"font-weight: 400;\">Kaj le so u\u0161pi\u010dili nagajivi \u0161kratje s Krasa! Nekaj je narobe z burjo, s kra\u0161kim kamnom in s pisanim rujem! In zato Kras ni ve\u010d tak\u0161en, kot bi moral biti. \u0160e sre\u010da, da so tu navihani otroci s Krasa, ki se ne ustra\u0161ijo \u0161kratjih \u0161kratolov\u0161\u010din in re\u0161ijo Kras \u0161kratjega uroka. Pa pazite se kra\u0161kih \u0161kratov, \u010disto ni\u010d prijazni niso!\u00a0<\/span><\/i><\/p>\n<p><span style=\"font-weight: 400;\">Glasbena\u00a0pravljica <\/span><a href=\"https:\/\/www.skrateljc.org\/it\/prodotto-2\/skratje-s-krasa\/\"><b>\u0160kratje s Krasa<\/b><\/a><span style=\"font-weight: 400;\"> je nastala po slikanici Uro\u0161a Grilca in ilustratorja Zvonka \u010coha. Glasbenika Ana Kravanja in Samo Kutin ter pripovedovalka Nina Pe\u010de Grilc vas popeljejo v zvoke in barve Krasa ter vam razkrijejo \u0161tevilne njegove skrivnosti. Otroci so tako pripravljeni na dogodiv\u0161\u010dino v naravi \u2013 <\/span><a href=\"https:\/\/www.skrateljc.org\/it\/skratji-kras\/\"><b>Il Carso dei Folletti<\/b><\/a><span style=\"font-weight: 400;\"> v \u0160tanjelu je malo pravlji\u010dni in malo resni\u010dni \u010dudoviti svet kamna, burje in ruja.<\/span><\/p>\n\t\t<\/div>\n\t\t\t\t\t<\/div>\n\n\t\n\n\t<div id=\"col-874599234\" class=\"col medium-4 small-12 large-4\"  >\n\t\t\t\t<div class=\"col-inner\"  >\n\t\t\t\n\t\t\t\n\t<div class=\"img has-hover x md-x lg-x y md-y lg-y\" id=\"image_592129393\">\n\t\t\t\t\t\t\t\t<div class=\"img-inner dark\" >\n\t\t\t<img loading=\"lazy\" decoding=\"async\" width=\"1020\" height=\"680\" src=\"https:\/\/www.skrateljc.org\/wp-content\/uploads\/2022\/02\/Skratji-Kras-pravljicaweb.jpg\" class=\"attachment-large size-large\" alt=\"\u0160kratji Kras pravlji\u010dno-do\u017eivljajska transverzala \u0160krateljc\" srcset=\"https:\/\/www.skrateljc.org\/wp-content\/uploads\/2022\/02\/Skratji-Kras-pravljicaweb.jpg 1200w, https:\/\/www.skrateljc.org\/wp-content\/uploads\/2022\/02\/Skratji-Kras-pravljicaweb-350x233.jpg 350w, https:\/\/www.skrateljc.org\/wp-content\/uploads\/2022\/02\/Skratji-Kras-pravljicaweb-600x400.jpg 600w, https:\/\/www.skrateljc.org\/wp-content\/uploads\/2022\/02\/Skratji-Kras-pravljicaweb-768x512.jpg 768w, https:\/\/www.skrateljc.org\/wp-content\/uploads\/2022\/02\/Skratji-Kras-pravljicaweb-510x340.jpg 510w\" sizes=\"auto, (max-width: 1020px) 100vw, 1020px\" \/>\t\t\t\t\t\t\n\t\t\t\t\t<\/div>\n\t\t\t\t\t\t\t\t\n<style>\n#image_592129393 {\n  width: 100%;\n}\n<\/style>\n\t<\/div>\n\t\n\t\t<\/div>\n\t\t\t\t\t<\/div>\n\n\t\n<\/div>\n<div class=\"row\"  id=\"row-1262106657\">\n\n\t<div id=\"col-1208168795\" class=\"col medium-8 small-12 large-8\"  >\n\t\t\t\t<div class=\"col-inner\"  >\n\t\t\t\n\t\t\t\n<h1 style=\"text-align: center; padding-bottom: 30px;\"><span style=\"color: #8a916c; font-size: 160%;\">\u010carovni\u0161ka \u0161ola Kr\u0161ko\u010dara<br \/>\n<\/span><\/h1>\n<h4><b><i>Nastopajo: Nina Pe\u010de Grilc, Ana Kravanja in Samo Kutin, trajanje 30 minut<\/i><\/b><\/h4>\n<p><i><span style=\"font-weight: 400;\">Adam, Jurij, Val in Veronika so \u0161tirje prijatelji, ki se u\u010dijo in urijo za \u010darovnike. A \u017ee prvi dan \u0161ole jih \u010daka velika preizku\u0161nja, saj je njihovo \u0161olo zadel tristoletni urok. \u010ciri-copra-\u010dara, kr\u0161ko-\u010dara-mara! Samo ena stvar premaga urok Kr\u0161ko\u010dare: skrbno zacopran in s \u0161\u010depcem skrivnosti za\u0161iljen \u010darobni zvarek!\u00a0 \u00a0<\/span><\/i><\/p>\n<p><span style=\"font-weight: 400;\">Glasbena\u00a0pravljica <\/span><a href=\"https:\/\/www.skrateljc.org\/it\/prodotto-2\/slikanica-carovniska-sola-krskocara\/\"><b>\u010carovni\u0161ka \u0161ola Kr\u0161ko\u010dara<\/b><\/a><span style=\"font-weight: 400;\"> je nastala po slikanici Uro\u0161a Grilca in ilustratorja Jureta Engelsbergerja. Zvo\u010dno \u010darovni\u0161ko popotovanje skozi skrivnostni pragozd in svet \u010darovni\u0161kih dogodiv\u0161\u010din vam pri\u010darajo glasbenika Ana Kravanja in Samo Kutin ter pripovedovalka Nina Pe\u010de Grilc. Glasbena pravljica otroke pripravi na pravlji\u010dno do\u017eivetje <\/span><a href=\"https:\/\/www.skrateljc.org\/it\/krskocara\/\"><b>Kr\u0161ko\u010dara<\/b><\/a><span style=\"font-weight: 400;\"> v Kr\u0161kem, kjer u\u010dence \u010darovni\u0161ke \u0161ole v naravi \u010dakajo razli\u010dne preizku\u0161nje.<\/span><\/p>\n\t\t<\/div>\n\t\t\t\t\t<\/div>\n\n\t\n\n\t<div id=\"col-992638211\" class=\"col medium-4 small-12 large-4\"  >\n\t\t\t\t<div class=\"col-inner\"  >\n\t\t\t\n\t\t\t\n\t<div class=\"img has-hover x md-x lg-x y md-y lg-y\" id=\"image_358229408\">\n\t\t\t\t\t\t\t\t<div class=\"img-inner dark\" >\n\t\t\t<img loading=\"lazy\" decoding=\"async\" width=\"1020\" height=\"678\" src=\"https:\/\/www.skrateljc.org\/wp-content\/uploads\/2022\/02\/Krskocara-pravljicaweb.jpg\" class=\"attachment-large size-large\" alt=\"Glasbena pravljica Pravlji\u010dno-do\u017eivljajska trasnsverzala \u0160krateljc\" srcset=\"https:\/\/www.skrateljc.org\/wp-content\/uploads\/2022\/02\/Krskocara-pravljicaweb.jpg 1200w, https:\/\/www.skrateljc.org\/wp-content\/uploads\/2022\/02\/Krskocara-pravljicaweb-350x233.jpg 350w, https:\/\/www.skrateljc.org\/wp-content\/uploads\/2022\/02\/Krskocara-pravljicaweb-602x400.jpg 602w, https:\/\/www.skrateljc.org\/wp-content\/uploads\/2022\/02\/Krskocara-pravljicaweb-768x511.jpg 768w, https:\/\/www.skrateljc.org\/wp-content\/uploads\/2022\/02\/Krskocara-pravljicaweb-510x339.jpg 510w\" sizes=\"auto, (max-width: 1020px) 100vw, 1020px\" \/>\t\t\t\t\t\t\n\t\t\t\t\t<\/div>\n\t\t\t\t\t\t\t\t\n<style>\n#image_358229408 {\n  width: 100%;\n}\n<\/style>\n\t<\/div>\n\t\n\t\t<\/div>\n\t\t\t\t\t<\/div>\n\n\t\n<\/div>\n<div class=\"row\"  id=\"row-981442842\">\n\n\t<div id=\"col-1268309714\" class=\"col medium-8 small-12 large-8\"  >\n\t\t\t\t<div class=\"col-inner\"  >\n\t\t\t\n\t\t\t\n<h1 style=\"text-align: center; padding-bottom: 30px;\"><span style=\"color: #8a916c; font-size: 160%;\">Mali plac<br \/>\n<\/span><\/h1>\n<h4><b><i>Nastopajo: Nina Pe\u010de Grilc, Ana Kravanja in Samo Kutin, trajanje 30 minut<\/i><\/b><\/h4>\n<p><i><span style=\"font-weight: 400;\">Mali plac je \u010darobno lep kraj in prijazen dom \u0161tevilnih mo\u010dvirskih \u017eivali. Toda \u0161kratji urok z Malega placa pre\u017eene vse mo\u010dvirske \u017eivali. Le \u017eelva zbere dovolj poguma, da se soo\u010di s \u0161kratjo nadlogo. V tema\u010dnem \u0161kratjem gozdu jo \u010dakajo tri zahtevne \u0161kratje uganke, saj \u0161kratje od vsega najraje spra\u0161ujejo zagonetne re\u010di. A \u017eelva ve, da si tisti, ki re\u0161i \u0161kratovo uganko, pribori naklonjenost teh malih hudob. Bo \u017eelvi uspelo najti re\u0161itev in pregnati \u0161kratji urok? Bo Mali plac spet postal prijazen dom mnogoterih mo\u010dvirskih bitij?<\/span><\/i><\/p>\n<p><a href=\"https:\/\/www.skrateljc.org\/it\/prodotto-2\/mali-plac\/\"><b>Mali plac<\/b><\/a><span style=\"font-weight: 400;\"> je zgodba Uro\u0161a Grilca in ilustratorja Gorazda Vahna z mo\u010dnim ekolo\u0161kim sporo\u010dilom o tem, kako pomembno je ohranjanje ravnote\u017eja v naravi in skrbi za naravno okolje. Ob glasbi Ane Kravanja in Sama Kutina ter pripovedovanju Nine Pe\u010de Grilc otroci zgodbo in njeno sporo\u010dilo \u010dustveno dojemajo skozi razli\u010dne naravne zvoke, ki se prelivajo v bolj abstraktne pravlji\u010dne \u0161kratovske melodije in \u0161ume. Zgodba tako ustvari posebno zvo\u010dno okolje, ki nas prestavi v mo\u010dvirski svet, ter otroke pripravi za do\u017eivetja na <\/span><a href=\"https:\/\/www.skrateljc.org\/it\/pot-mocvirskih-skratov-na-mali-plac\/\"><b>Poti mo\u010dvirskih \u0161kratov na Mali Plac <\/b><\/a><span style=\"font-weight: 400;\">na Ljubljanskem barju.<\/span><\/p>\n\t\t<\/div>\n\t\t\t\t\t<\/div>\n\n\t\n\n\t<div id=\"col-515178041\" class=\"col medium-4 small-12 large-4\"  >\n\t\t\t\t<div class=\"col-inner\"  >\n\t\t\t\n\t\t\t\n\t<div class=\"img has-hover x md-x lg-x y md-y lg-y\" id=\"image_291407893\">\n\t\t\t\t\t\t\t\t<div class=\"img-inner dark\" >\n\t\t\t<img loading=\"lazy\" decoding=\"async\" width=\"1020\" height=\"679\" src=\"https:\/\/www.skrateljc.org\/wp-content\/uploads\/2022\/02\/Mali-plac-pravljicaweb.jpg\" class=\"attachment-large size-large\" alt=\"Pot mo\u010dvirskih \u0161kratov na Mali plac pravlji\u010dno-do\u017eivljajska pot \u0160krateljc glasbena pravljica\" srcset=\"https:\/\/www.skrateljc.org\/wp-content\/uploads\/2022\/02\/Mali-plac-pravljicaweb.jpg 1200w, https:\/\/www.skrateljc.org\/wp-content\/uploads\/2022\/02\/Mali-plac-pravljicaweb-350x233.jpg 350w, https:\/\/www.skrateljc.org\/wp-content\/uploads\/2022\/02\/Mali-plac-pravljicaweb-601x400.jpg 601w, https:\/\/www.skrateljc.org\/wp-content\/uploads\/2022\/02\/Mali-plac-pravljicaweb-768x511.jpg 768w, https:\/\/www.skrateljc.org\/wp-content\/uploads\/2022\/02\/Mali-plac-pravljicaweb-510x340.jpg 510w\" sizes=\"auto, (max-width: 1020px) 100vw, 1020px\" \/>\t\t\t\t\t\t\n\t\t\t\t\t<\/div>\n\t\t\t\t\t\t\t\t\n<style>\n#image_291407893 {\n  width: 100%;\n}\n<\/style>\n\t<\/div>\n\t\n\t\t<\/div>\n\t\t\t\t\t<\/div>\n\n\t\n<\/div>\n<div class=\"row\"  id=\"row-667402157\">\n\n\t<div id=\"col-1933193138\" class=\"col medium-8 small-12 large-8\"  >\n\t\t\t\t<div class=\"col-inner\"  >\n\t\t\t\n\t\t\t\n<h1 style=\"text-align: center; padding-bottom: 30px;\"><span style=\"color: #8a916c; font-size: 160%;\">Zaklad poklju\u0161kih \u0161kratov<br \/>\n<\/span><\/h1>\n<h4><b><i>Nastopata: \u017diga X Gomba\u010d &amp; Albert Camlek, trajanje 30 minut<br \/>\n<\/i><\/b><\/h4>\n<p><em>\u0160krat Jur\u010dek je mlad \u0161krat s Pokljuke, ki pa ga pesti velikanska te\u017eava. \u017deli si namre\u010d postati odrasel \u0161krat, kar pa v \u0161kratjem svetu nikakor ni preprosto. Opraviti mora na videz nere\u0161ljiv izziv, ki so mu ga nalo\u017eili starej\u0161i \u0161kratje. Mu ga bo uspelo re\u0161iti?<\/em><\/p>\n<p>Zabavna glasbena pravljica <a href=\"https:\/\/www.skrateljc.org\/it\/prodotto-2\/zaklad-pokljuskih-skratov\/\">Zaklad poklju\u0161kih \u0161kratov<\/a> je nastala po istoimenski slikanici \u017dige X Gomba\u010da in ilustratorja Gorazda Vahna. Pripovedovalec \u017diga X Gomba\u010d in glasbenik Albert Camlek pripravita iskrivo, pou\u010dno in \u017eivopisno pripoved, pre\u017eeto z zabavnimi songi in spoznavanjem osnovnih \u0161tevil. Otroci spoznajo, kako pomembno je imeti dobre prijatelje, zakaj je vedno dobro biti prijazen in spo\u0161tljiv ter zakaj so planinski orli najbolj navihane \u017eivali dale\u010d naokoli.<\/p>\n\t\t<\/div>\n\t\t\t\t\t<\/div>\n\n\t\n\n\t<div id=\"col-1337410860\" class=\"col medium-4 small-12 large-4\"  >\n\t\t\t\t<div class=\"col-inner\"  >\n\t\t\t\n\t\t\t\n\t<div class=\"img has-hover x md-x lg-x y md-y lg-y\" id=\"image_821917941\">\n\t\t\t\t\t\t\t\t<div class=\"img-inner dark\" >\n\t\t\t<img loading=\"lazy\" decoding=\"async\" width=\"1020\" height=\"680\" src=\"https:\/\/www.skrateljc.org\/wp-content\/uploads\/2022\/02\/Pokljuka-pravljicaweb.jpg\" class=\"attachment-large size-large\" alt=\"Zaklad poklju\u0161kih \u0161kratov \u017diga X. Gomba\u010d \u0160krateljc slikanice\" srcset=\"https:\/\/www.skrateljc.org\/wp-content\/uploads\/2022\/02\/Pokljuka-pravljicaweb.jpg 1200w, https:\/\/www.skrateljc.org\/wp-content\/uploads\/2022\/02\/Pokljuka-pravljicaweb-350x233.jpg 350w, https:\/\/www.skrateljc.org\/wp-content\/uploads\/2022\/02\/Pokljuka-pravljicaweb-600x400.jpg 600w, https:\/\/www.skrateljc.org\/wp-content\/uploads\/2022\/02\/Pokljuka-pravljicaweb-768x512.jpg 768w, https:\/\/www.skrateljc.org\/wp-content\/uploads\/2022\/02\/Pokljuka-pravljicaweb-510x340.jpg 510w\" sizes=\"auto, (max-width: 1020px) 100vw, 1020px\" \/>\t\t\t\t\t\t\n\t\t\t\t\t<\/div>\n\t\t\t\t\t\t\t\t\n<style>\n#image_821917941 {\n  width: 100%;\n}\n<\/style>\n\t<\/div>\n\t\n\t\t<\/div>\n\t\t\t\t\t<\/div>\n\n\t\n<\/div>\n<div class=\"row\"  id=\"row-1574750066\">\n\n\t<div id=\"col-1426277791\" class=\"col medium-8 small-12 large-8\"  >\n\t\t\t\t<div class=\"col-inner\"  >\n\t\t\t\n\t\t\t\n<h1 style=\"text-align: center; padding-bottom: 30px;\"><span style=\"color: #8a916c; font-size: 160%;\">Polh rogovile\u017e<br \/>\n<\/span><\/h1>\n<h4><b><i>Nastopajo: Nina Pe\u010de Grilc, Ana Kravanja in Samo Kutin, trajanje 30 minut<\/i><\/b><\/h4>\n<p><i><span style=\"font-weight: 400;\">Glasbena pravljica Polh rogovile\u017e otroke skozi zgodbo popelje po razko\u0161ni zvo\u010dni krajini. Polh rogovile\u017e namre\u010d biva na podstre\u0161ju gradu, a ker prireja bu\u010dne rogovilske zabave, ga grofje pre\u017eenejo, zato si mora poiskati nov dom. In preizku\u0161a, ali bi lahko bival pri \u010debelah, pri jazbecu, \u010dukih, a povsod gre nekaj hudo narobe. Na koncu najde staro bukev, v kateri biva pol\u0161ja dru\u017eina in tam si polh ustvari nov dom.\u00a0<\/span><\/i><\/p>\n<p><span style=\"font-weight: 400;\">Polh rogovile\u017e je nastal po <a href=\"https:\/\/www.skrateljc.org\/it\/prodotto-2\/polh-rogovilez\/\">slikanici<\/a> Uro\u0161a Grilca in ilustratorke Ma\u0161e Kozjek. Z glasbeno pravljico se najprej sprehodimo skozi \u00bbgrajske zvoke\u00ab, nato spoznamo rogoviljenje glasnega polha, potem pa z razli\u010dnimi in\u0161trumenti ustvarjamo zvoke, ki jih sli\u0161imo v gozdu. Glasbena pravljica bo otroke spodbudila, da se odpravijo v <\/span><a href=\"https:\/\/www.skrateljc.org\/it\/polhov-dozivljajski-park\/\"><b>Parco di esperienza del Ghiro<\/b><\/a><span style=\"font-weight: 400;\"> in pomagajo polhu najti nov dom!\u00a0<\/span><\/p>\n\t\t<\/div>\n\t\t\t\t\t<\/div>\n\n\t\n\n\t<div id=\"col-501531822\" class=\"col medium-4 small-12 large-4\"  >\n\t\t\t\t<div class=\"col-inner\"  >\n\t\t\t\n\t\t\t\n\t<div class=\"img has-hover x md-x lg-x y md-y lg-y\" id=\"image_280037774\">\n\t\t\t\t\t\t\t\t<div class=\"img-inner dark\" >\n\t\t\t<img loading=\"lazy\" decoding=\"async\" width=\"1020\" height=\"681\" src=\"https:\/\/www.skrateljc.org\/wp-content\/uploads\/2022\/02\/Polh-pravljicaweb.jpg\" class=\"attachment-large size-large\" alt=\"Polhov do\u017eivljajski park pravlji\u010dno-do\u017eivljajska pot \u0160krateljc\" srcset=\"https:\/\/www.skrateljc.org\/wp-content\/uploads\/2022\/02\/Polh-pravljicaweb.jpg 1200w, https:\/\/www.skrateljc.org\/wp-content\/uploads\/2022\/02\/Polh-pravljicaweb-350x234.jpg 350w, https:\/\/www.skrateljc.org\/wp-content\/uploads\/2022\/02\/Polh-pravljicaweb-599x400.jpg 599w, https:\/\/www.skrateljc.org\/wp-content\/uploads\/2022\/02\/Polh-pravljicaweb-768x513.jpg 768w, https:\/\/www.skrateljc.org\/wp-content\/uploads\/2022\/02\/Polh-pravljicaweb-510x340.jpg 510w\" sizes=\"auto, (max-width: 1020px) 100vw, 1020px\" \/>\t\t\t\t\t\t\n\t\t\t\t\t<\/div>\n\t\t\t\t\t\t\t\t\n<style>\n#image_280037774 {\n  width: 100%;\n}\n<\/style>\n\t<\/div>\n\t\n\t\t<\/div>\n\t\t\t\t\t<\/div>\n\n\t\n<\/div>\n<div class=\"row\"  id=\"row-1002852346\">\n\n\t<div id=\"col-1115610960\" class=\"col medium-3 small-12 large-3\"  >\n\t\t\t\t<div class=\"col-inner\"  >\n\t\t\t\n\t\t\t\n\t\t<\/div>\n\t\t\t\t\t<\/div>\n\n\t\n\n\t<div id=\"col-1693931958\" class=\"col medium-6 small-12 large-6\"  >\n\t\t\t\t<div class=\"col-inner\"  >\n\t\t\t\n\t\t\t\n<h2 style=\"text-align: center;\"><span style=\"color: #808000; font-size: 110%;\">GLASBENE PRAVLJICE IMAMO TUDI NA CD ZGO\u0160\u010cENKI!<\/span><\/h2>\n<div class=\"woocommerce columns-2\"><div class=\"products row row-small large-columns-2 medium-columns-3 small-columns-2 has-equal-box-heights equalize-box\">\n<div class=\"product-small col has-hover product type-product post-804 status-publish first instock product_cat-dozivetja-v-naravi product_cat-ostalo has-post-thumbnail shipping-taxable purchasable product-type-simple\">\n\t<div class=\"col-inner\">\n\t\n<div class=\"badge-container absolute left top z-1\">\n\n<\/div>\n\t<div class=\"product-small box\">\n\t\t<div class=\"box-image\">\n\t\t\t<div class=\"image-fade_in_back\">\n\t\t\t\t<a href=\"https:\/\/www.skrateljc.org\/it\/izdelek\/dve-skratji-in-ena-polsja\/\">\n\t\t\t\t\t<img loading=\"lazy\" decoding=\"async\" width=\"200\" height=\"240\" src=\"https:\/\/www.skrateljc.org\/wp-content\/uploads\/2022\/01\/2skratjiCD-200x240.jpg\" class=\"attachment-woocommerce_thumbnail size-woocommerce_thumbnail\" alt=\"\u0160krateljc Pravlji\u010dne poti Slikanice CD\" srcset=\"https:\/\/www.skrateljc.org\/wp-content\/uploads\/2022\/01\/2skratjiCD-200x240.jpg 200w, https:\/\/www.skrateljc.org\/wp-content\/uploads\/2022\/01\/2skratjiCD-247x296.jpg 247w\" sizes=\"auto, (max-width: 200px) 100vw, 200px\" \/>\t\t\t\t<\/a>\n\t\t\t<\/div>\n\t\t\t<div class=\"image-tools is-small top right show-on-hover\">\n\t\t\t\t\t\t\t<\/div>\n\t\t\t<div class=\"image-tools is-small hide-for-small bottom left show-on-hover\">\n\t\t\t\t\t\t\t<\/div>\n\t\t\t<div class=\"image-tools grid-tools text-center hide-for-small bottom hover-slide-in show-on-hover\">\n\t\t\t\t\t\t\t<\/div>\n\t\t\t\t\t<\/div>\n\n\t\t<div class=\"box-text box-text-products\">\n\t\t\t<div class=\"title-wrapper\"><p class=\"name product-title woocommerce-loop-product__title\"><a href=\"https:\/\/www.skrateljc.org\/it\/izdelek\/dve-skratji-in-ena-polsja\/\" class=\"woocommerce-LoopProduct-link woocommerce-loop-product__link\">Dve \u0161kratji in ena pol\u0161ja (CD)<\/a><\/p><\/div><div class=\"price-wrapper\">\n\t<span class=\"price\"><span class=\"woocommerce-Price-amount amount\"><bdi>15,00&nbsp;<span class=\"woocommerce-Price-currencySymbol\">&euro;<\/span><\/bdi><\/span><\/span>\n<\/div><div class=\"add-to-cart-button\"><a href=\"\/it\/wp-json\/wp\/v2\/pages\/8241?add-to-cart=804\" aria-describedby=\"woocommerce_loop_add_to_cart_link_describedby_804\" data-quantity=\"1\" class=\"primary is-small mb-0 button product_type_simple add_to_cart_button ajax_add_to_cart is-flat\" data-product_id=\"804\" data-product_sku=\"\" aria-label=\"Aggiungi al carrello: &quot;Dve \u0161kratji in ena pol\u0161ja (CD)&quot;\" rel=\"nofollow\" data-success_message=\"&quot;Dve \u0161kratji in ena pol\u0161ja (CD)&quot; \u00e8 stato aggiunto al tuo carrello.\" role=\"button\" data-no-translation=\"\" data-trp-gettext=\"\" data-no-translation-aria-label=\"\" data-no-translation-data-success_message=\"\">Aggiungi al carrello<\/a><\/div>\t<span id=\"woocommerce_loop_add_to_cart_link_describedby_804\" class=\"screen-reader-text\">\n\t\t\t<\/span>\n\t\t<\/div>\n\t<\/div>\n\t\t<\/div>\n<\/div><div class=\"product-small col has-hover product type-product post-5928 status-publish last instock product_cat-dozivetja-v-naravi product_cat-ostalo has-post-thumbnail shipping-taxable purchasable product-type-simple\">\n\t<div class=\"col-inner\">\n\t\n<div class=\"badge-container absolute left top z-1\">\n\n<\/div>\n\t<div class=\"product-small box\">\n\t\t<div class=\"box-image\">\n\t\t\t<div class=\"image-fade_in_back\">\n\t\t\t\t<a href=\"https:\/\/www.skrateljc.org\/it\/izdelek\/tri-skratje-in-ena-carovniska\/\">\n\t\t\t\t\t<img loading=\"lazy\" decoding=\"async\" width=\"200\" height=\"240\" src=\"https:\/\/www.skrateljc.org\/wp-content\/uploads\/2022\/01\/3skratjeCD-200x240.jpg\" class=\"attachment-woocommerce_thumbnail size-woocommerce_thumbnail\" alt=\"\u0160krateljc Pravlji\u010dne poti Slikanice CD\" srcset=\"https:\/\/www.skrateljc.org\/wp-content\/uploads\/2022\/01\/3skratjeCD-200x240.jpg 200w, https:\/\/www.skrateljc.org\/wp-content\/uploads\/2022\/01\/3skratjeCD-247x296.jpg 247w\" sizes=\"auto, (max-width: 200px) 100vw, 200px\" \/>\t\t\t\t<\/a>\n\t\t\t<\/div>\n\t\t\t<div class=\"image-tools is-small top right show-on-hover\">\n\t\t\t\t\t\t\t<\/div>\n\t\t\t<div class=\"image-tools is-small hide-for-small bottom left show-on-hover\">\n\t\t\t\t\t\t\t<\/div>\n\t\t\t<div class=\"image-tools grid-tools text-center hide-for-small bottom hover-slide-in show-on-hover\">\n\t\t\t\t\t\t\t<\/div>\n\t\t\t\t\t<\/div>\n\n\t\t<div class=\"box-text box-text-products\">\n\t\t\t<div class=\"title-wrapper\"><p class=\"name product-title woocommerce-loop-product__title\"><a href=\"https:\/\/www.skrateljc.org\/it\/izdelek\/tri-skratje-in-ena-carovniska\/\" class=\"woocommerce-LoopProduct-link woocommerce-loop-product__link\">Tri \u0161kratje in ena \u010darovni\u0161ka (CD)<\/a><\/p><\/div><div class=\"price-wrapper\">\n\t<span class=\"price\"><span class=\"woocommerce-Price-amount amount\"><bdi>15,00&nbsp;<span class=\"woocommerce-Price-currencySymbol\">&euro;<\/span><\/bdi><\/span><\/span>\n<\/div><div class=\"add-to-cart-button\"><a href=\"\/it\/wp-json\/wp\/v2\/pages\/8241?add-to-cart=5928\" aria-describedby=\"woocommerce_loop_add_to_cart_link_describedby_5928\" data-quantity=\"1\" class=\"primary is-small mb-0 button product_type_simple add_to_cart_button ajax_add_to_cart is-flat\" data-product_id=\"5928\" data-product_sku=\"\" aria-label=\"Aggiungi al carrello: &quot;Tri \u0161kratje in ena \u010darovni\u0161ka (CD)&quot;\" rel=\"nofollow\" data-success_message=\"&quot;Tri \u0161kratje in ena \u010darovni\u0161ka (CD)&quot; \u00e8 stato aggiunto al tuo carrello.\" role=\"button\" data-no-translation=\"\" data-trp-gettext=\"\" data-no-translation-aria-label=\"\" data-no-translation-data-success_message=\"\">Aggiungi al carrello<\/a><\/div>\t<span id=\"woocommerce_loop_add_to_cart_link_describedby_5928\" class=\"screen-reader-text\">\n\t\t\t<\/span>\n\t\t<\/div>\n\t<\/div>\n\t\t<\/div>\n<\/div><\/div><!-- row -->\n<\/div>\n\t\t<\/div>\n\t\t\t\t\t<\/div>\n\n\t\n\n\t<div id=\"col-2075819108\" class=\"col medium-3 small-12 large-3\"  >\n\t\t\t\t<div class=\"col-inner\"  >\n\t\t\t\n\t\t\t\n\t\t<\/div>\n\t\t\t\t\t<\/div>\n\n\t\n<\/div>\n\t<div id=\"gap-2106080257\" class=\"gap-element clearfix\" style=\"display:block; height:auto;\">\n\t\t\n<style>\n#gap-2106080257 {\n  padding-top: 30px;\n}\n<\/style>\n\t<\/div>\n\t\n<div class=\"row\"  id=\"row-2001225497\">\n\n\t<div id=\"col-927396042\" class=\"col small-12 large-12\"  >\n\t\t\t\t<div class=\"col-inner\"  >\n\t\t\t\n\t\t\t\n<h3 style=\"text-align: center;\">Za dodatne informacije in rezervacijo termina pi\u0161ite na: <a href=\"mailto:ksenja@skrateljc.org\">ksenja@skrateljc.org<\/a> ali pokli\u010dite na \u0161tevilko <a href=\"tel:0038670409844\">070 409 844<\/a>.<\/h3>\n<h3 style=\"text-align: center;\">Z veseljem prisluhnemo tudi va\u0161im \u017eeljam!<\/h3>\n\t\t<\/div>\n\t\t\t\t\t<\/div>\n\n\t\n<\/div>\n\t<div id=\"gap-1149662935\" class=\"gap-element clearfix\" style=\"display:block; height:auto;\">\n\t\t\n<style>\n#gap-1149662935 {\n  padding-top: 30px;\n}\n<\/style>\n\t<\/div>\n\t\n\n\t<section class=\"section barva-cf7\" id=\"section_1154585863\">\n\t\t<div class=\"section-bg fill\" >\n\t\t\t<img loading=\"lazy\" decoding=\"async\" width=\"2560\" height=\"1615\" src=\"https:\/\/www.skrateljc.org\/wp-content\/uploads\/2021\/11\/13-14-min-scaled-1.jpg\" class=\"bg attachment- size-\" alt=\"\" \/>\t\t\t\t\t\t<div class=\"section-bg-overlay absolute fill\"><\/div>\n\t\t\t\n\n\t\t<\/div>\n\n\t\t\n\n\t\t<div class=\"section-content relative\">\n\t\t\t\n<div class=\"row row-full-width align-center\"  id=\"row-1797515685\">\n\n\t<div id=\"col-984750044\" class=\"col medium-6 small-12 large-6\"  >\n\t\t\t\t<div class=\"col-inner\"  >\n\t\t\t\n\t\t\t\n<h1><span style=\"font-size: 130%; color: #ffffff;\">Stopite v kontakt z nami<\/span><\/h1>\n<p><span style=\"color: #ffffff;\">Za dodatne informacije in rezervacije nam pi\u0161ite na<span style=\"color: #c0c0c0;\"><a style=\"color: #c0c0c0;\" href=\"mailto:ksenja@skrateljc.org\"> ksenja@skrateljc.org<\/a> a<\/span>li pokli\u010dite na<span style=\"color: #999999;\"> <a style=\"color: #999999;\" href=\"http:\/\/+38670409844\">070 409 844.<\/a> <\/span>Z veseljem vam bomo pomagali!<\/span><\/p>\n\n<div class=\"wpcf7 no-js\" id=\"wpcf7-f7654-o1\" lang=\"sl-SI\" dir=\"ltr\" data-wpcf7-id=\"7654\">\n<div class=\"screen-reader-response\"><p role=\"status\" aria-live=\"polite\" aria-atomic=\"true\"><\/p> <ul><\/ul><\/div>\n<form action=\"\/it\/wp-json\/wp\/v2\/pages\/8241#wpcf7-f7654-o1\" method=\"post\" class=\"wpcf7-form init\" aria-label=\"Kontaktni obrazec\" novalidate=\"novalidate\" data-status=\"init\" data-trp-original-action=\"\/it\/wp-json\/wp\/v2\/pages\/8241#wpcf7-f7654-o1\">\n<fieldset class=\"hidden-fields-container\"><input type=\"hidden\" name=\"_wpcf7\" value=\"7654\" \/><input type=\"hidden\" name=\"_wpcf7_version\" value=\"6.1.5\" \/><input type=\"hidden\" name=\"_wpcf7_locale\" value=\"sl_SI\" \/><input type=\"hidden\" name=\"_wpcf7_unit_tag\" value=\"wpcf7-f7654-o1\" \/><input type=\"hidden\" name=\"_wpcf7_container_post\" value=\"0\" \/><input type=\"hidden\" name=\"_wpcf7_posted_data_hash\" value=\"\" \/>\n<\/fieldset>\n<div class=\"form-flat\">\n\t<p><span class=\"wpcf7-form-control-wrap\" data-name=\"your-name-contact\"><input size=\"40\" maxlength=\"400\" class=\"wpcf7-form-control wpcf7-text wpcf7-validates-as-required\" aria-required=\"true\" aria-invalid=\"false\" placeholder=\"Nome e cognome\" value=\"\" type=\"text\" name=\"your-name-contact\" \/><\/span>\n\t<\/p>\n\t<p><span class=\"wpcf7-form-control-wrap\" data-name=\"your-email-contact\"><input size=\"40\" maxlength=\"400\" class=\"wpcf7-form-control wpcf7-email wpcf7-validates-as-required wpcf7-text wpcf7-validates-as-email\" aria-required=\"true\" aria-invalid=\"false\" placeholder=\"Email\" value=\"\" type=\"email\" name=\"your-email-contact\" \/><\/span><br \/>\n<span class=\"wpcf7-form-control-wrap\" data-name=\"tel-758\"><input size=\"40\" maxlength=\"400\" class=\"wpcf7-form-control wpcf7-tel wpcf7-validates-as-required wpcf7-text wpcf7-validates-as-tel\" aria-required=\"true\" aria-invalid=\"false\" placeholder=\"Telefon\" value=\"\" type=\"tel\" name=\"tel-758\" \/><\/span><br \/>\n<span class=\"wpcf7-form-control-wrap\" data-name=\"your-message\"><textarea cols=\"40\" rows=\"10\" maxlength=\"2000\" class=\"wpcf7-form-control wpcf7-textarea\" aria-invalid=\"false\" placeholder=\"Sporo\u010dilo\" name=\"your-message\"><\/textarea><\/span><br \/>\n<span class=\"wpcf7-form-control-wrap\" data-name=\"select-728\"><select class=\"wpcf7-form-control wpcf7-select\" aria-invalid=\"false\" name=\"select-728\"><option value=\"Potrjujem prijavo na e-novice\">Potrjujem prijavo na e-novice<\/option><option value=\"Brez prijave na e-novice\">Brez prijave na e-novice<\/option><\/select><\/span>\n\t<\/p>\n\t<p><input class=\"wpcf7-form-control wpcf7-submit has-spinner button\" type=\"submit\" value=\"Po\u0161lji\" \/>\n\t<\/p>\n<\/div><div class=\"wpcf7-response-output\" aria-hidden=\"true\"><\/div>\n<input type=\"hidden\" name=\"trp-form-language\" value=\"it\"\/><\/form>\n<\/div>\n\n\t\t<\/div>\n\t\t\t\t\t<\/div>\n\n\t\n<\/div>\n\t\t<\/div>\n\n\t\t\n<style>\n#section_1154585863 {\n  padding-top: 30px;\n  padding-bottom: 30px;\n}\n#section_1154585863 .section-bg-overlay {\n  background-color: rgba(0,0,0,.5);\n}\n<\/style>\n\t<\/section>","protected":false},"excerpt":{"rendered":"","protected":false},"author":2,"featured_media":0,"parent":0,"menu_order":0,"comment_status":"closed","ping_status":"closed","template":"page-blank.php","meta":{"inline_featured_image":false,"cybocfi_hide_featured_image":"","footnotes":""},"class_list":["post-8241","page","type-page","status-publish","hentry"],"yoast_head":"<!-- This site is optimized with the Yoast SEO Premium plugin v27.4 (Yoast SEO v27.4) - https:\/\/yoast.com\/product\/yoast-seo-premium-wordpress\/ -->\n<title>Glasbene pravljice | \u0160krateljc<\/title>\n<meta name=\"description\" content=\"Pripravili smo uglasbljene zgodbe pravlji\u010dno-do\u017eivljajskih poti, ki jih izvajamo kot predstave v vrtcih in \u0161olah. Izdane pa so tudi na dveh zgo\u0161\u010denkah.\" \/>\n<meta name=\"robots\" content=\"index, follow, max-snippet:-1, max-image-preview:large, max-video-preview:-1\" \/>\n<link rel=\"canonical\" href=\"https:\/\/www.skrateljc.org\/it\/glasbene-pravljice\/\" \/>\n<meta property=\"og:locale\" content=\"it_IT\" \/>\n<meta property=\"og:type\" content=\"article\" \/>\n<meta property=\"og:title\" content=\"Glasbene pravljice\" \/>\n<meta property=\"og:description\" content=\"Pripravili smo uglasbljene zgodbe pravlji\u010dno-do\u017eivljajskih poti, ki jih izvajamo kot predstave v vrtcih in \u0161olah. Izdane pa so tudi na dveh zgo\u0161\u010denkah.\" \/>\n<meta property=\"og:url\" content=\"https:\/\/www.skrateljc.org\/it\/glasbene-pravljice\/\" \/>\n<meta property=\"og:site_name\" content=\"\u0160krateljc\" \/>\n<meta property=\"article:publisher\" content=\"https:\/\/www.facebook.com\/skrateljc\" \/>\n<meta property=\"article:modified_time\" content=\"2022-03-03T08:18:56+00:00\" \/>\n<meta name=\"twitter:card\" content=\"summary_large_image\" \/>\n<meta name=\"twitter:label1\" content=\"Tempo di lettura stimato\" \/>\n\t<meta name=\"twitter:data1\" content=\"5 minuti\" \/>\n<script type=\"application\/ld+json\" class=\"yoast-schema-graph\">{\"@context\":\"https:\\\/\\\/schema.org\",\"@graph\":[{\"@type\":\"WebPage\",\"@id\":\"https:\\\/\\\/www.skrateljc.org\\\/glasbene-pravljice\\\/\",\"url\":\"https:\\\/\\\/www.skrateljc.org\\\/glasbene-pravljice\\\/\",\"name\":\"Glasbene pravljice | \u0160krateljc\",\"isPartOf\":{\"@id\":\"https:\\\/\\\/www.skrateljc.org\\\/#website\"},\"datePublished\":\"2022-03-03T07:39:16+00:00\",\"dateModified\":\"2022-03-03T08:18:56+00:00\",\"description\":\"Pripravili smo uglasbljene zgodbe pravlji\u010dno-do\u017eivljajskih poti, ki jih izvajamo kot predstave v vrtcih in \u0161olah. Izdane pa so tudi na dveh zgo\u0161\u010denkah.\",\"breadcrumb\":{\"@id\":\"https:\\\/\\\/www.skrateljc.org\\\/glasbene-pravljice\\\/#breadcrumb\"},\"inLanguage\":\"it-IT\",\"potentialAction\":[{\"@type\":\"ReadAction\",\"target\":[\"https:\\\/\\\/www.skrateljc.org\\\/glasbene-pravljice\\\/\"]}]},{\"@type\":\"BreadcrumbList\",\"@id\":\"https:\\\/\\\/www.skrateljc.org\\\/glasbene-pravljice\\\/#breadcrumb\",\"itemListElement\":[{\"@type\":\"ListItem\",\"position\":1,\"name\":\"Domov\",\"item\":\"https:\\\/\\\/www.skrateljc.org\\\/\"},{\"@type\":\"ListItem\",\"position\":2,\"name\":\"Glasbene pravljice\"}]},{\"@type\":\"WebSite\",\"@id\":\"https:\\\/\\\/www.skrateljc.org\\\/#website\",\"url\":\"https:\\\/\\\/www.skrateljc.org\\\/\",\"name\":\"\u0160krateljc\",\"description\":\"- ustvarjamo do\u017eivetja\",\"publisher\":{\"@id\":\"https:\\\/\\\/www.skrateljc.org\\\/#organization\"},\"potentialAction\":[{\"@type\":\"SearchAction\",\"target\":{\"@type\":\"EntryPoint\",\"urlTemplate\":\"https:\\\/\\\/www.skrateljc.org\\\/?s={search_term_string}\"},\"query-input\":{\"@type\":\"PropertyValueSpecification\",\"valueRequired\":true,\"valueName\":\"search_term_string\"}}],\"inLanguage\":\"it-IT\"},{\"@type\":\"Organization\",\"@id\":\"https:\\\/\\\/www.skrateljc.org\\\/#organization\",\"name\":\"Zavod \u0160krateljc\",\"url\":\"https:\\\/\\\/www.skrateljc.org\\\/\",\"logo\":{\"@type\":\"ImageObject\",\"inLanguage\":\"it-IT\",\"@id\":\"https:\\\/\\\/www.skrateljc.org\\\/#\\\/schema\\\/logo\\\/image\\\/\",\"url\":\"https:\\\/\\\/www.skrateljc.org\\\/wp-content\\\/uploads\\\/2021\\\/11\\\/00_logo-skrateljc-COL.jpg\",\"contentUrl\":\"https:\\\/\\\/www.skrateljc.org\\\/wp-content\\\/uploads\\\/2021\\\/11\\\/00_logo-skrateljc-COL.jpg\",\"width\":1770,\"height\":471,\"caption\":\"Zavod \u0160krateljc\"},\"image\":{\"@id\":\"https:\\\/\\\/www.skrateljc.org\\\/#\\\/schema\\\/logo\\\/image\\\/\"},\"sameAs\":[\"https:\\\/\\\/www.facebook.com\\\/skrateljc\",\"https:\\\/\\\/www.youtube.com\\\/channel\\\/UCffLgYSmHefkqvSMHeoLSDg\",\"https:\\\/\\\/www.instagram.com\\\/zavodskrateljc\"]}]}<\/script>\n<!-- \/ Yoast SEO Premium plugin. -->","yoast_head_json":{"title":"Glasbene pravljice | \u0160krateljc","description":"Pripravili smo uglasbljene zgodbe pravlji\u010dno-do\u017eivljajskih poti, ki jih izvajamo kot predstave v vrtcih in \u0161olah. Izdane pa so tudi na dveh zgo\u0161\u010denkah.","robots":{"index":"index","follow":"follow","max-snippet":"max-snippet:-1","max-image-preview":"max-image-preview:large","max-video-preview":"max-video-preview:-1"},"canonical":"https:\/\/www.skrateljc.org\/it\/glasbene-pravljice\/","og_locale":"it_IT","og_type":"article","og_title":"Glasbene pravljice","og_description":"Pripravili smo uglasbljene zgodbe pravlji\u010dno-do\u017eivljajskih poti, ki jih izvajamo kot predstave v vrtcih in \u0161olah. Izdane pa so tudi na dveh zgo\u0161\u010denkah.","og_url":"https:\/\/www.skrateljc.org\/it\/glasbene-pravljice\/","og_site_name":"\u0160krateljc","article_publisher":"https:\/\/www.facebook.com\/skrateljc","article_modified_time":"2022-03-03T08:18:56+00:00","twitter_card":"summary_large_image","twitter_misc":{"Tempo di lettura stimato":"5 minuti"},"schema":{"@context":"https:\/\/schema.org","@graph":[{"@type":"WebPage","@id":"https:\/\/www.skrateljc.org\/glasbene-pravljice\/","url":"https:\/\/www.skrateljc.org\/glasbene-pravljice\/","name":"Glasbene pravljice | \u0160krateljc","isPartOf":{"@id":"https:\/\/www.skrateljc.org\/#website"},"datePublished":"2022-03-03T07:39:16+00:00","dateModified":"2022-03-03T08:18:56+00:00","description":"Pripravili smo uglasbljene zgodbe pravlji\u010dno-do\u017eivljajskih poti, ki jih izvajamo kot predstave v vrtcih in \u0161olah. Izdane pa so tudi na dveh zgo\u0161\u010denkah.","breadcrumb":{"@id":"https:\/\/www.skrateljc.org\/glasbene-pravljice\/#breadcrumb"},"inLanguage":"it-IT","potentialAction":[{"@type":"ReadAction","target":["https:\/\/www.skrateljc.org\/glasbene-pravljice\/"]}]},{"@type":"BreadcrumbList","@id":"https:\/\/www.skrateljc.org\/glasbene-pravljice\/#breadcrumb","itemListElement":[{"@type":"ListItem","position":1,"name":"Domov","item":"https:\/\/www.skrateljc.org\/"},{"@type":"ListItem","position":2,"name":"Glasbene pravljice"}]},{"@type":"WebSite","@id":"https:\/\/www.skrateljc.org\/#website","url":"https:\/\/www.skrateljc.org\/","name":"\u0160krateljc","description":"- ustvarjamo do\u017eivetja","publisher":{"@id":"https:\/\/www.skrateljc.org\/#organization"},"potentialAction":[{"@type":"SearchAction","target":{"@type":"EntryPoint","urlTemplate":"https:\/\/www.skrateljc.org\/?s={search_term_string}"},"query-input":{"@type":"PropertyValueSpecification","valueRequired":true,"valueName":"search_term_string"}}],"inLanguage":"it-IT"},{"@type":"Organization","@id":"https:\/\/www.skrateljc.org\/#organization","name":"Zavod \u0160krateljc","url":"https:\/\/www.skrateljc.org\/","logo":{"@type":"ImageObject","inLanguage":"it-IT","@id":"https:\/\/www.skrateljc.org\/#\/schema\/logo\/image\/","url":"https:\/\/www.skrateljc.org\/wp-content\/uploads\/2021\/11\/00_logo-skrateljc-COL.jpg","contentUrl":"https:\/\/www.skrateljc.org\/wp-content\/uploads\/2021\/11\/00_logo-skrateljc-COL.jpg","width":1770,"height":471,"caption":"Zavod \u0160krateljc"},"image":{"@id":"https:\/\/www.skrateljc.org\/#\/schema\/logo\/image\/"},"sameAs":["https:\/\/www.facebook.com\/skrateljc","https:\/\/www.youtube.com\/channel\/UCffLgYSmHefkqvSMHeoLSDg","https:\/\/www.instagram.com\/zavodskrateljc"]}]}},"_links":{"self":[{"href":"https:\/\/www.skrateljc.org\/it\/wp-json\/wp\/v2\/pages\/8241","targetHints":{"allow":["GET"]}}],"collection":[{"href":"https:\/\/www.skrateljc.org\/it\/wp-json\/wp\/v2\/pages"}],"about":[{"href":"https:\/\/www.skrateljc.org\/it\/wp-json\/wp\/v2\/types\/page"}],"author":[{"embeddable":true,"href":"https:\/\/www.skrateljc.org\/it\/wp-json\/wp\/v2\/users\/2"}],"replies":[{"embeddable":true,"href":"https:\/\/www.skrateljc.org\/it\/wp-json\/wp\/v2\/comments?post=8241"}],"version-history":[{"count":3,"href":"https:\/\/www.skrateljc.org\/it\/wp-json\/wp\/v2\/pages\/8241\/revisions"}],"predecessor-version":[{"id":8244,"href":"https:\/\/www.skrateljc.org\/it\/wp-json\/wp\/v2\/pages\/8241\/revisions\/8244"}],"wp:attachment":[{"href":"https:\/\/www.skrateljc.org\/it\/wp-json\/wp\/v2\/media?parent=8241"}],"curies":[{"name":"wp","href":"https:\/\/api.w.org\/{rel}","templated":true}]}}