{"id":7676,"date":"2022-02-23T11:58:23","date_gmt":"2022-02-23T10:58:23","guid":{"rendered":"https:\/\/www.skrateljc.org\/?page_id=7676"},"modified":"2025-06-24T13:07:32","modified_gmt":"2025-06-24T12:07:32","slug":"prva-triada","status":"publish","type":"page","link":"https:\/\/www.skrateljc.org\/it\/prva-triada\/","title":{"rendered":"Prva triada"},"content":{"rendered":"<div id=\"gap-123608083\" class=\"gap-element clearfix\" style=\"display:block; height:auto;\">\n\t\t\n<style>\n#gap-123608083 {\n  padding-top: 170px;\n}\n<\/style>\n\t<\/div>\n\t\n\n\t<section class=\"section\" id=\"section_1267515691\">\n\t\t<div class=\"section-bg fill\" >\n\t\t\t\t\t\t\t\t\t\n\t\t\t\n\n\t\t<\/div>\n\n\t\t\n\n\t\t<div class=\"section-content relative\">\n\t\t\t\n<div class=\"row align-middle align-center\"  id=\"row-996309318\">\n\n\t<div id=\"col-1439350503\" class=\"col small-12 large-12\"  >\n\t\t\t\t<div class=\"col-inner\"  >\n\t\t\t\n\t\t\t\n<h1 style=\"text-align: center;\"><span style=\"color: #ffffff; font-size: 160%; padding-bottom: 10px;\">PONUDBA ZA 1. TRIADO<\/span><\/h1>\n<p style=\"text-align: center; color: #fff;\">Pred vami so pravlji\u010dno \u2013 do\u017eivljajski programi, namenjeni u\u010dencem 1. \u2013 3. razreda. Programi spodbujajo h gibanju v naravi in spoznavanju pohodni\u0161tva na zabaven na\u010din, spodbujajo domi\u0161ljijo in lastno ustvarjalnost ter omogo\u010dajo spoznavanja narave in razvijanje odnosa do njenega ohranjanja ter dvigovanje ekolo\u0161ke zavesti.<\/p>\n\t\t<\/div>\n\t\t\t\t\t<\/div>\n\n\t\n<\/div>\n\t\t<\/div>\n\n\t\t\n<style>\n#section_1267515691 {\n  padding-top: 60px;\n  padding-bottom: 60px;\n  background-color: rgb(189, 154, 122);\n}\n<\/style>\n\t<\/section>\n\t\n\t<div id=\"gap-55067657\" class=\"gap-element clearfix\" style=\"display:block; height:auto;\">\n\t\t\n<style>\n#gap-55067657 {\n  padding-top: 40px;\n}\n<\/style>\n\t<\/div>\n\t\n<div class=\"row align-equal align-center\" style=\"max-width:80%\" id=\"row-1185263318\">\n\n\t<div id=\"col-967612045\" class=\"col small-12 large-12\"  >\n\t\t\t\t<div class=\"col-inner\"  >\n\t\t\t\n\t\t\t\n<h1 style=\"text-transform: uppercase; text-align: center;\"><span style=\"color: #8a916c; font-size: 150%;\">pEDAGO\u0160KI Pravlji\u010dno-do\u017eivljajski programi<\/span><\/h1>\n\t<div id=\"gap-638149383\" class=\"gap-element clearfix\" style=\"display:block; height:auto;\">\n\t\t\n<style>\n#gap-638149383 {\n  padding-top: 30px;\n}\n<\/style>\n\t<\/div>\n\t\n\t\t<\/div>\n\t\t\t\t\t<\/div>\n\n\t\n<\/div>\n\t<div id=\"gap-1006580268\" class=\"gap-element clearfix\" style=\"display:block; height:auto;\">\n\t\t\n<style>\n#gap-1006580268 {\n  padding-top: 37px;\n}\n<\/style>\n\t<\/div>\n\t\n<div class=\"row row-full-width align-equal align-center\"  id=\"row-1497377712\">\n\n\t<div id=\"col-307691632\" class=\"col medium-6 small-12 large-6\"  >\n\t\t\t\t<div class=\"col-inner\"  >\n\t\t\t\n\t\t\t\n<h2><a href=\"https:\/\/www.skrateljc.org\/it\/velikani-istre\/\"><b>VELIKANI ISTRE<\/b><\/a><\/h2>\n<p>Istra je de\u017eela velikanov, ki so ljudem neko\u010d radi pomagali. Klesali so skalne stene, postavljali gri\u010de, premikali reke in gradili gradove. Za za\u0161\u010dito Kubeda so zgradili Turn, nenavaden stolp s petimi vogali, ki mu po vsej Evropi ni enakega. A ljudje do velikanov niso bili prijazni, zato so ti te kraje zapustili. In tu se za\u010dne pravo do\u017eivetje.<\/p>\n<h4><b>VSEBINA PROGRAMA<\/b><\/h4>\n<p>Na pot se u\u010denci podajo z <a href=\"https:\/\/www.skrateljc.org\/it\/prodotto-2\/belezka-velebelezka\/\">Velebele\u017eko<\/a>, s pomo\u010djo katere i\u0161\u010dejo sledi velikanov Istre in spoznavajo njihov svet, odkrivajo njihove graditeljske spretnosti, govorico in velikanske vrednote. Na poti zbirajo velepe\u010date, poi\u0161\u010dejo zlata jajca, spregovorijo v velikan\u0161\u010dini in odkrivajo skrivnosti Istre, ki je na pobo\u010dju La\u010dne \u0161e posebej pravlji\u010dna in slikovita, polna \u010dudovitih vonjev, raznolikih oblik ter zgodb.Vodnik glede na starostno skupino u\u010dencev na poti predstavi u\u010dne vsebine, ki se navezujejo na naravno in kulturno dedi\u0161\u010dino Slovenske Istre: zgodovina Kubeda in<br \/>\nistrskih gradov, gradnja suhega zidu, zna\u010dilnosti Kra\u0161kega roba, rastlinstvo in \u017eivalstvo tega obmo\u010dja, \u0160avrinke in njihovo izro\u010dilo. Velik poudarek pa je tudi na istrskih nare\u010djih, glagolici in ljudskem izro\u010dilu (istrske stra\u0161ljivke, zgodbe doma\u010dinov, &#8230;).<\/p>\n\t\t<\/div>\n\t\t\t\t\t<\/div>\n\n\t\n\n\t<div id=\"col-711829240\" class=\"col medium-3 small-12 large-3\"  >\n\t\t\t\t<div class=\"col-inner\"  >\n\t\t\t\n\t\t\t\n\t\n  \n    <div id=\"product-grid-357891006\" class=\"slider slider-auto-height row-collapse slider-nav-reveal\" data-flickity-options='{&quot;imagesLoaded&quot;: true, &quot;dragThreshold&quot; : 5, &quot;cellAlign&quot;: &quot;left&quot;,&quot;wrapAround&quot;: true,&quot;prevNextButtons&quot;: true,&quot;percentPosition&quot;: true,&quot;pageDots&quot;: false, &quot;rightToLeft&quot;: false, &quot;autoPlay&quot; : false}'>\n\n  \n\t     <div class=\"product-small col has-hover product type-product post-28645 status-publish first instock product_cat-belezke has-post-thumbnail featured shipping-taxable purchasable product-type-simple\">\n\t<div class=\"col-inner\">\n\t\n<div class=\"badge-container absolute left top z-1\">\n\n<\/div>\n\t<div class=\"product-small box\">\n\t\t<div class=\"box-image\">\n\t\t\t<div class=\"image-fade_in_back\">\n\t\t\t\t<a href=\"https:\/\/www.skrateljc.org\/it\/izdelek\/belezka-velebelezka\/\">\n\t\t\t\t\t<img loading=\"lazy\" decoding=\"async\" width=\"200\" height=\"240\" src=\"https:\/\/www.skrateljc.org\/wp-content\/uploads\/2024\/02\/belezkaVELIKANI-naslovnica-200x240.jpg\" class=\"attachment-woocommerce_thumbnail size-woocommerce_thumbnail\" alt=\"Velikani Istre Vele bele\u017eka\" srcset=\"https:\/\/www.skrateljc.org\/wp-content\/uploads\/2024\/02\/belezkaVELIKANI-naslovnica-200x240.jpg 200w, https:\/\/www.skrateljc.org\/wp-content\/uploads\/2024\/02\/belezkaVELIKANI-naslovnica-300x360.jpg 300w\" sizes=\"auto, (max-width: 200px) 100vw, 200px\" \/>\t\t\t\t<\/a>\n\t\t\t<\/div>\n\t\t\t<div class=\"image-tools is-small top right show-on-hover\">\n\t\t\t\t\t\t\t<\/div>\n\t\t\t<div class=\"image-tools is-small hide-for-small bottom left show-on-hover\">\n\t\t\t\t\t\t\t<\/div>\n\t\t\t<div class=\"image-tools grid-tools text-center hide-for-small bottom hover-slide-in show-on-hover\">\n\t\t\t\t\t\t\t<\/div>\n\t\t\t\t\t<\/div>\n\n\t\t<div class=\"box-text box-text-products\">\n\t\t\t<div class=\"title-wrapper\"><p class=\"name product-title woocommerce-loop-product__title\"><a href=\"https:\/\/www.skrateljc.org\/it\/izdelek\/belezka-velebelezka\/\" class=\"woocommerce-LoopProduct-link woocommerce-loop-product__link\">Bele\u017eka Velebele\u017eka<\/a><\/p><\/div><div class=\"price-wrapper\"><\/div>\t\t<\/div>\n\t<\/div>\n\t\t<\/div>\n<\/div><\/div>\n<h4><b>LOKACIJA IN TRAJANJE PROGRAMA:<\/b><\/h4>\n<p>Dol\u017eina poti je 4,5 km, vmes odmor za malico.\u00a0Oprema: \u0161portna obutev, nahrbtnik z vodo in \u0161olsko malico.<br \/>\nIzhodi\u0161\u010de: Kmetija Jakomin, Kubed<\/p>\n<p><b>Program traja cca 3 ure<\/b><span style=\"font-weight: 400;\">.\u00a0<\/span><\/p>\n\t\t<\/div>\n\t\t\t\t\t<\/div>\n\n\t\n<\/div>\n<div class=\"row row-full-width align-equal align-center\"  id=\"row-1937806876\">\n\n\t<div id=\"col-558904590\" class=\"col medium-6 small-12 large-6\"  >\n\t\t\t\t<div class=\"col-inner\"  >\n\t\t\t\n\t\t\t\n<h2><a href=\"https:\/\/www.skrateljc.org\/it\/krskocara\/\"><b>KR\u0160KO\u010cARA<\/b><\/a><\/h2>\n<p><span style=\"font-weight: 400;\">Kr\u0161ko\u010dara je <\/span><b>pohodni\u0161ka pot v Kr\u0161kem<\/b><span style=\"font-weight: 400;\">, ki razkriva zanimivosti, povezane z zgodovino Kr\u0161kega in z u\u010denjaki, ki so tu bivali (Bohori\u010d, Dalmatin, Valvasor), pa tudi z energijo in zanimivo naravo.\u00a0<\/span><\/p>\n<p><span style=\"font-weight: 400;\">Priporo\u010deno je, da otroci pred obiskom poznajo <\/span><b>slikanico <a href=\"https:\/\/www.skrateljc.org\/it\/prodotto-2\/slikanica-carovniska-sola-krskocara\/\">\u010carovni\u0161ka \u0161ola Kr\u0161ko\u010dara <\/a><\/b><span style=\"font-weight: 400;\">ali poslu\u0161ajo glasbeno pravljico, saj bo tako njihovo do\u017eivetje \u0161e intenzivnej\u0161e.\u00a0<\/span><\/p>\n<h4><b>VSEBINA PROGRAMA<\/b><\/h4>\n<p><span style=\"font-weight: 400;\">Zgodba Kr\u0161ko\u010dare govori o \u0161tirih prijateljih, ki se u\u010dijo in urijo za \u010darovnike. A \u017ee prvi dan \u0161ole jih \u010daka velika preizku\u0161nja, saj je njihovo \u0161olo zadel tristoletni urok. Pravlji\u010dno do\u017eivetje Kr\u0161ko\u010dara u\u010dence popelje v \u010darovni\u0161ko \u0161olo, v kateri jih \u010dakajo razli\u010dne preizku\u0161nje.\u00a0<\/span><\/p>\n<p><span style=\"font-weight: 400;\">Zgodba o \u010darovni\u0161ki \u0161oli Kr\u0161ko\u010dari, ki jo zadane urok nevidnosti, je nastala v \u010dasu, ko je svet \u010dez no\u010d doletela <\/span><b>\u0161ola na daljavo<\/b><span style=\"font-weight: 400;\">. Je zgodba o u\u010diteljih in u\u010diteljicah, ki u\u010dence spremljajo na novih poteh skozi neznano.\u00a0<\/span><\/p>\n<p><span style=\"font-weight: 400;\">Vodnik glede na starostno skupino u\u010dencev predstavlja <\/span><b>razli\u010dne u\u010dne vsebine*<\/b><span style=\"font-weight: 400;\">, ki se navezujejo na naravo: <\/span><span style=\"font-weight: 400;\">prepoznavanje \u017eivali, drevesnih vrst<\/span><span style=\"font-weight: 400;\"> (Krakovski gozd), <\/span><span style=\"font-weight: 400;\">rastlin in zeli\u0161\u010d<\/span><span style=\"font-weight: 400;\">, na <\/span><span style=\"font-weight: 400;\">zgodovino kraja<\/span><span style=\"font-weight: 400;\"> (prazgodovina, Kelti), <\/span><span style=\"font-weight: 400;\">na pisave <\/span><span style=\"font-weight: 400;\">(vrste pisav, slovenski jezik), <\/span><span style=\"font-weight: 400;\">knji\u017eevnost (<\/span><span style=\"font-weight: 400;\">lo\u010devanje med resni\u010dnostjo in pravlji\u010dnimi, fantasti\u010dnimi elementi), <\/span><span style=\"font-weight: 400;\">krepitev socialnih ve\u0161\u010din<\/span><span style=\"font-weight: 400;\"> (sprejemanje sebe in drugih, druga\u010dnosti).\u00a0<\/span><\/p>\n<p><span style=\"font-weight: 400;\">Pot u\u010denci prehodijo s \u010daropalico in <\/span><b><a href=\"https:\/\/www.skrateljc.org\/it\/prodotto-2\/belezka-carobukvica\/\">\u010carobukvico<\/a>, <\/b><span style=\"font-weight: 400;\">bele\u017eko, v kateri so zbrane vsebine, ki jih spoznavajo na poti.\u00a0 Program popestrijo do\u017eivljajske to\u010dke, kjer re\u0161ujejo naloge, skozi katere se nau\u010dijo veliko novega o Kr\u0161kem in se prepustijo zgodbam, tako pravlji\u010dnim kot resni\u010dnim.<\/span><\/p>\n\t\t<\/div>\n\t\t\t\t\t<\/div>\n\n\t\n\n\t<div id=\"col-1018719823\" class=\"col medium-3 small-12 large-3\"  >\n\t\t\t\t<div class=\"col-inner\"  >\n\t\t\t\n\t\t\t\n\t\n  \n    <div id=\"product-grid-802837528\" class=\"slider slider-auto-height row-collapse slider-nav-reveal\" data-flickity-options='{&quot;imagesLoaded&quot;: true, &quot;dragThreshold&quot; : 5, &quot;cellAlign&quot;: &quot;left&quot;,&quot;wrapAround&quot;: true,&quot;prevNextButtons&quot;: true,&quot;percentPosition&quot;: true,&quot;pageDots&quot;: false, &quot;rightToLeft&quot;: false, &quot;autoPlay&quot; : false}'>\n\n  \n\t     <div class=\"product-small col has-hover product type-product post-1438 status-publish instock product_cat-belezke product_cat-dozivetja-v-naravi has-post-thumbnail shipping-taxable purchasable product-type-variable\">\n\t<div class=\"col-inner\">\n\t\n<div class=\"badge-container absolute left top z-1\">\n\n<\/div>\n\t<div class=\"product-small box\">\n\t\t<div class=\"box-image\">\n\t\t\t<div class=\"image-fade_in_back\">\n\t\t\t\t<a href=\"https:\/\/www.skrateljc.org\/it\/izdelek\/belezka-carobukvica\/\">\n\t\t\t\t\t<img loading=\"lazy\" decoding=\"async\" width=\"200\" height=\"240\" src=\"https:\/\/www.skrateljc.org\/wp-content\/uploads\/2021\/10\/Belezka-Krsko-200x240.jpg\" class=\"attachment-woocommerce_thumbnail size-woocommerce_thumbnail\" alt=\"Kr\u0161ko\u010dara \u010carobukvica \u0160krateljc Pravlji\u010dne poti Pravlji\u010dno-do\u017eivljajska transverzala dru\u017einski izleti\" srcset=\"https:\/\/www.skrateljc.org\/wp-content\/uploads\/2021\/10\/Belezka-Krsko-200x240.jpg 200w, https:\/\/www.skrateljc.org\/wp-content\/uploads\/2021\/10\/Belezka-Krsko-247x296.jpg 247w\" sizes=\"auto, (max-width: 200px) 100vw, 200px\" \/>\t\t\t\t<\/a>\n\t\t\t<\/div>\n\t\t\t<div class=\"image-tools is-small top right show-on-hover\">\n\t\t\t\t\t\t\t<\/div>\n\t\t\t<div class=\"image-tools is-small hide-for-small bottom left show-on-hover\">\n\t\t\t\t\t\t\t<\/div>\n\t\t\t<div class=\"image-tools grid-tools text-center hide-for-small bottom hover-slide-in show-on-hover\">\n\t\t\t\t\t\t\t<\/div>\n\t\t\t\t\t<\/div>\n\n\t\t<div class=\"box-text box-text-products\">\n\t\t\t<div class=\"title-wrapper\"><p class=\"name product-title woocommerce-loop-product__title\"><a href=\"https:\/\/www.skrateljc.org\/it\/izdelek\/belezka-carobukvica\/\" class=\"woocommerce-LoopProduct-link woocommerce-loop-product__link\">Bele\u017eka \u010carobukvica<\/a><\/p><\/div><div class=\"price-wrapper\"><\/div>\t\t<\/div>\n\t<\/div>\n\t\t<\/div>\n<\/div><\/div>\n<h4><b>LOKACIJA IN TRAJANJE PROGRAMA:<\/b><\/h4>\n<p><span style=\"font-weight: 400;\">Dogodiv\u0161\u010dina Kr\u0161ko\u010dara se pri\u010dne v atriju Mestnega muzeja Kr\u0161ko, kjer vas pri\u010daka vodnik. Pot je <\/span><b>dolga 4 km<\/b><span style=\"font-weight: 400;\">, je urejena, nezahtevna, dobro ozna\u010dena s smerokazi in utrjena, u\u010denci naj imajo pohodno obutev.\u00a0<\/span><\/p>\n<p><b>Program traja cca 3 ure<\/b><span style=\"font-weight: 400;\">.\u00a0<\/span><\/p>\n<p><span style=\"font-weight: 400;\">Znotraj programa lahko umestimo tudi \u0161olsko malico.\u00a0<\/span><\/p>\n\t\t<\/div>\n\t\t\t\t\t<\/div>\n\n\t\n<\/div>\n<div class=\"row row-full-width align-equal align-center\"  id=\"row-1894258885\">\n\n\t<div id=\"col-1053141928\" class=\"col medium-6 small-12 large-6\"  >\n\t\t\t\t<div class=\"col-inner\"  >\n\t\t\t\n\t\t\t\n<h2><a href=\"https:\/\/www.skrateljc.org\/it\/tempelj-zmaja-lintverna\/\"><b>TEMPELJ ZMAJA LINTVERNA<\/b><\/a><\/h2>\n<p><span style=\"font-weight: 400;\">Tempelj zmaja Lintverna je gozdna pustolov\u0161\u010dina, ki nas pove\u017ee z naravo in nau\u010di ve\u0161\u010din krotilcev vode. Dogodiv\u0161\u010dina otroke popelje v starodavni svet zmajev, ki predstavljajo neukrotljivo mo\u010d narave. So ljudje v\u010dasih pri kra\u0161kem izviru res videli zmajeve mladi\u010de ali pa gre za katero od nenavadnih \u017eivali, ki \u0161e danes bivajo ob \u010dude\u017enem potoku Bela?\u00a0<\/span><\/p>\n<h4><b>VSEBINA PROGRAMA<\/b><\/h4>\n<p><span style=\"font-weight: 400;\">Na poti u\u010denci spoznavajo ve\u0161\u010dine in skrivnosti krotilcev vode. To so ljudje s posebnimi znanji in mo\u010dmi, ki v naravi vzpostavljajo ravnovesje. Vodnik glede na starostno skupino razlaga u\u010dne vsebine, ki se navezujejo na naravno in kulturno dedi\u0161\u010dino tega obmo\u010dja in reke Bele ter na \u017eivali, ki prebivajo ob in v njeni strugi. Predvsem pa je velik poudarek na vzpostavljanju stika z naravo, iskanju sozvo\u010dja in ozave\u0161\u010danja o mo\u010di narave skozi raznolike gibalne in dihalne vaje.\u00a0<\/span><\/p>\n<p><span style=\"font-weight: 400;\">Po poti se u\u010denci sprehodijo z <a href=\"https:\/\/www.skrateljc.org\/it\/prodotto-2\/belezka-zmajebukvica\/\">Zmajebukvico<\/a>, v katero zbirajo \u017eige nenavadnih \u017eivali, z zvo\u010dili privabljajo zvoke narave ter se urijo v zmajogi za vstop v Zmajev red krotilcev vode.<\/span><\/p>\n<p><em>*Pohodni\u0161ka pot je zahtevnej\u0161a in z dolo\u010denimi omejitvami, zato se o obisku skupin dogovarjamo individualno. Priporo\u010damo pa jo predvsem u\u010dencem od 1. razreda dalje ter manj\u0161im skupinam (interesne dejavnosti, planinski kro\u017eki, ipd.) zaradi specifi\u010dnega dostopa do izhodi\u0161\u010da.<\/em><\/p>\n\t\t<\/div>\n\t\t\t\t\t<\/div>\n\n\t\n\n\t<div id=\"col-1456521603\" class=\"col medium-3 small-12 large-3\"  >\n\t\t\t\t<div class=\"col-inner\"  >\n\t\t\t\n\t\t\t\n\t\n  \n    <div id=\"product-grid-339199590\" class=\"slider slider-auto-height row-collapse slider-nav-reveal\" data-flickity-options='{&quot;imagesLoaded&quot;: true, &quot;dragThreshold&quot; : 5, &quot;cellAlign&quot;: &quot;left&quot;,&quot;wrapAround&quot;: true,&quot;prevNextButtons&quot;: true,&quot;percentPosition&quot;: true,&quot;pageDots&quot;: false, &quot;rightToLeft&quot;: false, &quot;autoPlay&quot; : false}'>\n\n  \n\t     <div class=\"product-small col has-hover product type-product post-27208 status-publish instock product_cat-belezke has-post-thumbnail featured shipping-taxable purchasable product-type-simple\">\n\t<div class=\"col-inner\">\n\t\n<div class=\"badge-container absolute left top z-1\">\n\n<\/div>\n\t<div class=\"product-small box\">\n\t\t<div class=\"box-image\">\n\t\t\t<div class=\"image-fade_in_back\">\n\t\t\t\t<a href=\"https:\/\/www.skrateljc.org\/it\/izdelek\/belezka-zmajebukvica\/\">\n\t\t\t\t\t<img loading=\"lazy\" decoding=\"async\" width=\"200\" height=\"240\" src=\"https:\/\/www.skrateljc.org\/wp-content\/uploads\/2023\/05\/Lintvern_belezka-200x240.jpg\" class=\"attachment-woocommerce_thumbnail size-woocommerce_thumbnail\" alt=\"Bele\u017eka Zmajebukvica\" srcset=\"https:\/\/www.skrateljc.org\/wp-content\/uploads\/2023\/05\/Lintvern_belezka-200x240.jpg 200w, https:\/\/www.skrateljc.org\/wp-content\/uploads\/2023\/05\/Lintvern_belezka-300x360.jpg 300w\" sizes=\"auto, (max-width: 200px) 100vw, 200px\" \/>\t\t\t\t<\/a>\n\t\t\t<\/div>\n\t\t\t<div class=\"image-tools is-small top right show-on-hover\">\n\t\t\t\t\t\t\t<\/div>\n\t\t\t<div class=\"image-tools is-small hide-for-small bottom left show-on-hover\">\n\t\t\t\t\t\t\t<\/div>\n\t\t\t<div class=\"image-tools grid-tools text-center hide-for-small bottom hover-slide-in show-on-hover\">\n\t\t\t\t\t\t\t<\/div>\n\t\t\t\t\t<\/div>\n\n\t\t<div class=\"box-text box-text-products\">\n\t\t\t<div class=\"title-wrapper\"><p class=\"name product-title woocommerce-loop-product__title\"><a href=\"https:\/\/www.skrateljc.org\/it\/izdelek\/belezka-zmajebukvica\/\" class=\"woocommerce-LoopProduct-link woocommerce-loop-product__link\">Bele\u017eka Zmajebukvica<\/a><\/p><\/div><div class=\"price-wrapper\"><\/div>\t\t<\/div>\n\t<\/div>\n\t\t<\/div>\n<\/div><\/div>\n<h4><b>LOKACIJA IN TRAJANJE PROGRAMA:<\/b><\/h4>\n<p>Dogodiv\u0161\u010dina Tempelj zmaja Lintverna se pri\u010dne pri ko\u010di v Starem malnu na Vrhniki, kjer vas pri\u010daka vodnik. Pohodni\u0161ka pot je zahtevnej\u0161a, dolga 2 km. Potrebna je dobra pohodni\u0161ka obutev.<\/p>\n<p><strong>Program traja cca. 2,5 uri.<\/strong><\/p>\n<p>Znotraj programa lahko umestimo \u0161olsko malico.<\/p>\n<p>.<\/p>\n\t\t<\/div>\n\t\t\t\t\t<\/div>\n\n\t\n<\/div>\n\t<div id=\"gap-407606122\" class=\"gap-element clearfix\" style=\"display:block; height:auto;\">\n\t\t\n<style>\n#gap-407606122 {\n  padding-top: 30px;\n}\n<\/style>\n\t<\/div>\n\t\n<div class=\"row row-full-width align-equal align-center\"  id=\"row-2087270028\">\n\n\t<div id=\"col-442778440\" class=\"col medium-6 small-12 large-6\"  >\n\t\t\t\t<div class=\"col-inner\"  >\n\t\t\t\n\t\t\t\n<h2><a href=\"https:\/\/www.skrateljc.org\/it\/pot-mocvirskih-skratov-na-mali-plac\/\"><b>POT MO\u010cVIRSKIH \u0160KRATOV NA MALI PLAC<\/b><\/a><\/h2>\n<p><b>Mali plac<\/b><span style=\"font-weight: 400;\"> je <\/span><b>naravni rezervat<\/b><span style=\"font-weight: 400;\"> na Ljubljanskem barju, najju\u017enej\u0161i ostanek visokega barja. Tu se na majhnem prostoru zgo\u0161\u010dajo vse klju\u010dne zna\u010dilnosti barja, kakr\u0161no je bilo neko\u010d.\u00a0 Zgodba pribli\u017ea <\/span><b>vrednote in lepote Ljubljanskega barja<\/b><span style=\"font-weight: 400;\"> in jih spodbuja k odkrivanju in varovanju narave.\u00a0<\/span><\/p>\n<p><span style=\"font-weight: 400;\">Priporo\u010deno je, da u\u010denci pred obiskom poznajo <\/span><b>slikanico <a href=\"https:\/\/www.skrateljc.org\/it\/prodotto-2\/mali-plac\/\">Mali plac<\/a><\/b><span style=\"font-weight: 400;\"> ali poslu\u0161ajo glasbeno pravljico, saj bo tako njihovo do\u017eivetje \u0161e intenzivnej\u0161e.\u00a0<\/span><\/p>\n<h4><b>OPIS PROGRAMA<\/b><\/h4>\n<p><span style=\"font-weight: 400;\">Zgodba, ki spremlja program, govori o Malem placu, \u010darobnem kraju, polnim nenavadnih <\/span><b>cvetlic in \u017eivali<\/b><span style=\"font-weight: 400;\">. V njem vse brbota, reglja, \u0161umi in \u017evrgoli. \u017de tiso\u010de let ga prekriva mah, ki sega globoko v gozd, v kraljestvo mo\u010dvirskih \u0161kratov. Na Malem placu \u017eivijo <\/span><b>mo\u010dvirski \u0161krati<\/b><span style=\"font-weight: 400;\">, ki radi kak\u0161no u\u0161pi\u010dijo. Vanj so se naselili zoprni komarji in nadle\u017ene mu\u0161ice. Naloga u\u010dencev je, da prelomijo urok in re\u0161ijo Mali plac. U\u010dencem do\u017eivetje na poti popestrijo <\/span><b>velike lesene skulpture mo\u010dvirskih \u017eivali<\/b><span style=\"font-weight: 400;\">, tudi \u017eelve sklednice, ki je osrednji lik zgodbe.\u00a0<\/span><\/p>\n<p><span style=\"font-weight: 400;\">Vodnik glede na starostno skupino u\u010dencev na poti predstavi <\/span><b>u\u010dne vsebine<\/b><span style=\"font-weight: 400;\">*, ki se navezujejo na\u00a0 <\/span><span style=\"font-weight: 400;\">\u017eivalstvo in rastlinstvo barja<\/span><span style=\"font-weight: 400;\">, <\/span><span style=\"font-weight: 400;\">zgodovino kraja<\/span><span style=\"font-weight: 400;\"> (koli\u0161\u010darji), <\/span><span style=\"font-weight: 400;\">ekologijo<\/span><span style=\"font-weight: 400;\"> (ohranjanje narave). Poudarek je na <\/span><span style=\"font-weight: 400;\">gibanju v naravi<\/span><span style=\"font-weight: 400;\"> (pohodni\u0161tvo) in <\/span><span style=\"font-weight: 400;\">gozdni pedagogiki<\/span><span style=\"font-weight: 400;\">.\u00a0<\/span><\/p>\n<p><span style=\"font-weight: 400;\">Vse vsebine so zbrane v <\/span><a href=\"https:\/\/www.skrateljc.org\/it\/prodotto-2\/mocvirska-belezka\/\"><b>Mo\u010dvirski bele\u017eki<\/b><\/a><span style=\"font-weight: 400;\">, s katero se u\u010denci sprehodijo \u010dez pot in sproti re\u0161ujejo najrazli\u010dnej\u0161e naloge. S pomo\u010djo do\u017eivljajskih elementov odkrivajo <\/span><b>\u010dudovito naravo<\/b><span style=\"font-weight: 400;\">, saj se pravlji\u010dni svet vseskozi prepleta z resni\u010dnimi lepotami narave.<\/span><\/p>\n\t\t<\/div>\n\t\t\t\t\t<\/div>\n\n\t\n\n\t<div id=\"col-2020347407\" class=\"col medium-3 small-12 large-3\"  >\n\t\t\t\t<div class=\"col-inner\"  >\n\t\t\t\n\t\t\t\n\t\n  \n    <div id=\"product-grid-1037929668\" class=\"slider slider-auto-height row-collapse slider-nav-reveal\" data-flickity-options='{&quot;imagesLoaded&quot;: true, &quot;dragThreshold&quot; : 5, &quot;cellAlign&quot;: &quot;left&quot;,&quot;wrapAround&quot;: true,&quot;prevNextButtons&quot;: true,&quot;percentPosition&quot;: true,&quot;pageDots&quot;: false, &quot;rightToLeft&quot;: false, &quot;autoPlay&quot; : false}'>\n\n  \n\t     <div class=\"product-small col has-hover product type-product post-800 status-publish instock product_cat-belezke product_cat-dozivetja-v-naravi has-post-thumbnail shipping-taxable purchasable product-type-simple\">\n\t<div class=\"col-inner\">\n\t\n<div class=\"badge-container absolute left top z-1\">\n\n<\/div>\n\t<div class=\"product-small box\">\n\t\t<div class=\"box-image\">\n\t\t\t<div class=\"image-fade_in_back\">\n\t\t\t\t<a href=\"https:\/\/www.skrateljc.org\/it\/izdelek\/mocvirska-belezka\/\">\n\t\t\t\t\t<img loading=\"lazy\" decoding=\"async\" width=\"200\" height=\"240\" src=\"https:\/\/www.skrateljc.org\/wp-content\/uploads\/2021\/09\/Pot_mocvirskih_skratov_na_Mali_plac_koncana-200x240.jpg\" class=\"attachment-woocommerce_thumbnail size-woocommerce_thumbnail\" alt=\"Mo\u010dvirska bele\u017eka Pot mo\u010dvirskih \u0161kratov na Mali plac pravlji\u010dno-do\u017eivljajska pot \u0160krateljc\" srcset=\"https:\/\/www.skrateljc.org\/wp-content\/uploads\/2021\/09\/Pot_mocvirskih_skratov_na_Mali_plac_koncana-200x240.jpg 200w, https:\/\/www.skrateljc.org\/wp-content\/uploads\/2021\/09\/Pot_mocvirskih_skratov_na_Mali_plac_koncana-247x296.jpg 247w\" sizes=\"auto, (max-width: 200px) 100vw, 200px\" \/>\t\t\t\t<\/a>\n\t\t\t<\/div>\n\t\t\t<div class=\"image-tools is-small top right show-on-hover\">\n\t\t\t\t\t\t\t<\/div>\n\t\t\t<div class=\"image-tools is-small hide-for-small bottom left show-on-hover\">\n\t\t\t\t\t\t\t<\/div>\n\t\t\t<div class=\"image-tools grid-tools text-center hide-for-small bottom hover-slide-in show-on-hover\">\n\t\t\t\t\t\t\t<\/div>\n\t\t\t\t\t<\/div>\n\n\t\t<div class=\"box-text box-text-products\">\n\t\t\t<div class=\"title-wrapper\"><p class=\"name product-title woocommerce-loop-product__title\"><a href=\"https:\/\/www.skrateljc.org\/it\/izdelek\/mocvirska-belezka\/\" class=\"woocommerce-LoopProduct-link woocommerce-loop-product__link\">Mo\u010dvirska bele\u017eka<\/a><\/p><\/div><div class=\"price-wrapper\"><\/div>\t\t<\/div>\n\t<\/div>\n\t\t<\/div>\n<\/div><\/div>\n<h4><b>LOKACIJA IN TRAJANJE PROGRAMA:<\/b><\/h4>\n<p><b>Pot je urejena, lahka, dolga 3,2 km<\/b><span style=\"font-weight: 400;\">. Pot se pri\u010dne v \u0160portnem parku Bevke, kjer vas pri\u010daka vodnik. Pot je dobro ozna\u010dena in utrjena, u\u010denci naj imajo pohodno obutev, nikakor pa ne smejo biti obuti v \u0161kornje.\u00a0<\/span><\/p>\n<p><b>Program traja cca 2,5 uri.<\/b><\/p>\n<p><span style=\"font-weight: 400;\">Znotraj programa lahko umestimo \u0161olsko malico.\u00a0<\/span><\/p>\n\t\t<\/div>\n\t\t\t\t\t<\/div>\n\n\t\n<\/div>\n\t<div id=\"gap-511049488\" class=\"gap-element clearfix\" style=\"display:block; height:auto;\">\n\t\t\n<style>\n#gap-511049488 {\n  padding-top: 30px;\n}\n<\/style>\n\t<\/div>\n\t\n<div class=\"row row-full-width align-equal align-center\"  id=\"row-80871025\">\n\n\t<div id=\"col-1375072044\" class=\"col medium-6 small-12 large-6\"  >\n\t\t\t\t<div class=\"col-inner\"  >\n\t\t\t\n\t\t\t\n<h2><a href=\"https:\/\/www.skrateljc.org\/it\/skratji-kras\/\"><b>\u0160KRATJI KRAS<\/b><\/a><\/h2>\n<p><span style=\"font-weight: 400;\">\u0160kratji Kras je pohodni\u0161ka <\/span><b>pot v<\/b> <b>\u0160tanjelu na Krasu<\/b><span style=\"font-weight: 400;\">, ki u\u010dence popelje v \u010dudoviti svet Krasa, jim razkrije marsikatero kra\u0161ko skrivnost ter skrite koti\u010dke prelepega starodavnega \u0160tanjela. Priporo\u010deno je, da u\u010denci pred obiskom poznajo <\/span><b>slikanico<a href=\"https:\/\/www.skrateljc.org\/it\/prodotto-2\/skratje-s-krasa\/\"> \u0160kratje s Krasa<\/a><\/b><span style=\"font-weight: 400;\"> ali poslu\u0161ajo glasbeno pravljico za \u0161e intenzivnej\u0161e do\u017eivetje.\u00a0<\/span><\/p>\n<p><span style=\"font-weight: 400;\">Odli\u010dna dopolnitev programa predstavlja <\/span><b>obisk gradu \u0160tanjel<\/b><span style=\"font-weight: 400;\"> in njihovega izkustvenega muzeja, kjer bodo u\u010denci lahko do\u017eiveli Kras z vsemi svojimi \u010dutili.<\/span><\/p>\n<h4><b>VSEBINA PROGRAMA:<\/b><\/h4>\n<p><span style=\"font-weight: 400;\">Komenski Kras je <\/span><b>\u00bbKras v malem\u00ab, <\/b><span style=\"font-weight: 400;\">saj na njem najdemo vse klju\u010dne <\/span><b>naravne vrednote Krasa<\/b><span style=\"font-weight: 400;\">, obmo\u010dje \u0160tanjela pa je izjemno bogato s kulturno dedi\u0161\u010dino. Je pripoved o tem, kako so <\/span><b>nagajivi \u0161kratje<\/b><span style=\"font-weight: 400;\"> zagodli prebivalcem \u0160tanjela, v katerem je vse postavljeno na glavo. Na \u0160kratjem Krasu so skrili kra\u0161ke pe\u010date in vsenaokrog natrosili \u0161kratje uroke. Kra\u0161ki svet zdaj ni ve\u010d trden kot <\/span><b>kamen,<\/b><span style=\"font-weight: 400;\"> vztrajen kot <\/span><b>burja<\/b><span style=\"font-weight: 400;\"> in pisan kot <\/span><b>ruj.<\/b><span style=\"font-weight: 400;\"> Kras potrebuje pomo\u010d! In tukaj se poda domi\u0161ljija na \u010disto pravo pot iz kamna in prsti.<\/span><\/p>\n<p><span style=\"font-weight: 400;\">Vodnik u\u010dencem glede na starostno skupino podaja <\/span><b>u\u010dne vsebine*<\/b><span style=\"font-weight: 400;\">, ki se navezujejo na <\/span><span style=\"font-weight: 400;\">zna\u010dilnosti Krasa in kra\u0161ke pokrajine<\/span><span style=\"font-weight: 400;\"> (naravne zna\u010dilnosti gozdov, rastja, kra\u0161kega kamna, kra\u0161kih jam), <\/span><span style=\"font-weight: 400;\">umetnost<\/span><span style=\"font-weight: 400;\"> (kamnita glasbila, slikarstvo), <\/span><span style=\"font-weight: 400;\">zgodovino kraja<\/span><span style=\"font-weight: 400;\"> (\u0160tanjel), <\/span><span style=\"font-weight: 400;\">\u017eivalstvo kra\u0161kega podro\u010dja <\/span><span style=\"font-weight: 400;\">(podrobneje spoznajo kra\u0161kega ov\u010darja in \u010dlove\u0161ko ribico) ter <\/span><span style=\"font-weight: 400;\">slovensko pesni\u0161tvo<\/span><span style=\"font-weight: 400;\"> (Sre\u010dko Kosovel). U\u010denci so spodbujeni k ustvarjanju, saj jim je Kras predstavljen kot <\/span><span style=\"font-weight: 400;\">umetni\u0161ki navdih<\/span><span style=\"font-weight: 400;\">.\u00a0\u00a0<\/span><\/p>\n<p><span style=\"font-weight: 400;\">Vse vsebine so predstavljene v <\/span><a href=\"https:\/\/www.skrateljc.org\/it\/prodotto-2\/krasna-belezka\/\"><b>Krasni bele\u017eki<\/b><\/a><span style=\"font-weight: 400;\">, izvirni razli\u010dici u\u010dnega lista, s pomo\u010djo katere u\u010denci prehodijo pohodni\u0161ko pot in re\u0161ujejo naloge. Na poti jih o\u010darajo <\/span><b>skulpture iz lesa in kamna iz kra\u0161kih kamnolomov<\/b><span style=\"font-weight: 400;\">, ki poskrbijo, da pot ni le pou\u010dna temve\u010d tudi zabavna.\u00a0\u00a0<\/span><\/p>\n\t\t<\/div>\n\t\t\t\t\t<\/div>\n\n\t\n\n\t<div id=\"col-1778251143\" class=\"col medium-3 small-12 large-3\"  >\n\t\t\t\t<div class=\"col-inner\"  >\n\t\t\t\n\t\t\t\n\t\n  \n    <div id=\"product-grid-1868238109\" class=\"slider slider-auto-height row-collapse slider-nav-reveal\" data-flickity-options='{&quot;imagesLoaded&quot;: true, &quot;dragThreshold&quot; : 5, &quot;cellAlign&quot;: &quot;left&quot;,&quot;wrapAround&quot;: true,&quot;prevNextButtons&quot;: true,&quot;percentPosition&quot;: true,&quot;pageDots&quot;: false, &quot;rightToLeft&quot;: false, &quot;autoPlay&quot; : false}'>\n\n  \n\t     <div class=\"product-small col has-hover product type-product post-798 status-publish last instock product_cat-belezke product_cat-dozivetja-v-naravi has-post-thumbnail shipping-taxable purchasable product-type-variable\">\n\t<div class=\"col-inner\">\n\t\n<div class=\"badge-container absolute left top z-1\">\n\n<\/div>\n\t<div class=\"product-small box\">\n\t\t<div class=\"box-image\">\n\t\t\t<div class=\"image-fade_in_back\">\n\t\t\t\t<a href=\"https:\/\/www.skrateljc.org\/it\/izdelek\/krasna-belezka\/\">\n\t\t\t\t\t<img loading=\"lazy\" decoding=\"async\" width=\"200\" height=\"240\" src=\"https:\/\/www.skrateljc.org\/wp-content\/uploads\/2021\/09\/Skratji_Kras_koncna-200x240.jpg\" class=\"attachment-woocommerce_thumbnail size-woocommerce_thumbnail\" alt=\"\u0160kratji Kras Krasna bele\u017eka \u0160krateljc Pravlji\u010dne poti Pravlji\u010dno-do\u017eivljajska transverzala dru\u017einski izleti\" srcset=\"https:\/\/www.skrateljc.org\/wp-content\/uploads\/2021\/09\/Skratji_Kras_koncna-200x240.jpg 200w, https:\/\/www.skrateljc.org\/wp-content\/uploads\/2021\/09\/Skratji_Kras_koncna-247x296.jpg 247w\" sizes=\"auto, (max-width: 200px) 100vw, 200px\" \/>\t\t\t\t<\/a>\n\t\t\t<\/div>\n\t\t\t<div class=\"image-tools is-small top right show-on-hover\">\n\t\t\t\t\t\t\t<\/div>\n\t\t\t<div class=\"image-tools is-small hide-for-small bottom left show-on-hover\">\n\t\t\t\t\t\t\t<\/div>\n\t\t\t<div class=\"image-tools grid-tools text-center hide-for-small bottom hover-slide-in show-on-hover\">\n\t\t\t\t\t\t\t<\/div>\n\t\t\t\t\t<\/div>\n\n\t\t<div class=\"box-text box-text-products\">\n\t\t\t<div class=\"title-wrapper\"><p class=\"name product-title woocommerce-loop-product__title\"><a href=\"https:\/\/www.skrateljc.org\/it\/izdelek\/krasna-belezka\/\" class=\"woocommerce-LoopProduct-link woocommerce-loop-product__link\">Il Quaderno del Carso<\/a><\/p><\/div><div class=\"price-wrapper\"><\/div>\t\t<\/div>\n\t<\/div>\n\t\t<\/div>\n<\/div><\/div>\n<h4><b>LOKACIJA IN TRAJANJE PROGRAMA:\u00a0<\/b><\/h4>\n<p><span style=\"font-weight: 400;\">Dogodiv\u0161\u010dina \u0160kratji Kras se pri\u010dne na parkiri\u0161\u010du <\/span><b>ob po\u0161ti v \u0160tanjelu<\/b><span style=\"font-weight: 400;\">, kjer vas pri\u010daka vodnik. Pohodni\u0161ka pot je lahka, <\/span><b>dolga 3,4 km<\/b><span style=\"font-weight: 400;\">. Priporo\u010dljiva je pohodni\u0161ka obutev.\u00a0<\/span><\/p>\n<p><b>Program traja cca 2,5 uri.\u00a0<\/b><\/p>\n<p><span style=\"font-weight: 400;\">Znotraj programa lahko umestimo \u0161olsko malico.\u00a0<\/span><\/p>\n\t\t<\/div>\n\t\t\t\t\t<\/div>\n\n\t\n<\/div>\n<div class=\"row row-full-width align-equal align-center\"  id=\"row-1427626379\">\n\n\t<div id=\"col-1168005116\" class=\"col medium-6 small-12 large-6\"  >\n\t\t\t\t<div class=\"col-inner\"  >\n\t\t\t\n\t\t\t\n<h2><a href=\"https:\/\/www.skrateljc.org\/it\/vilinski-homec\/\"><b>VILINSKI HOMEC<\/b><\/a><\/h2>\n<p>Vilinski Homec je pohodni\u0161ka pot na Homcu v Radomljah pri Dom\u017ealah, ki vas popelje v pravlji\u010dni svet vilincev, razkriva pa tudi skrivnosti zeli\u0161\u010d, mlinov in mlinarjev, spoznate pa se tudi s skavtskimi vrlinami.<\/p>\n<h4><b>VSEBINA PROGRAMA:<\/b><\/h4>\n<p>Sredi de\u017eele, kjer so neko\u010d drug ob drugem klopotali mlini, se nad reko dviga kraj po imenu Homec, skozi katerega te\u010de reka Kamni\u0161ka Bistrica, ob njej pa se \u0161e danes vijejo male re\u010dice, na katerih je bilo \u0161e nedolgo tega vse polno mlinov. Tem re\u010dicam pravimo mlin\u0161\u010dice. Pravijo, da so v teh krajih doma re\u010dne vile in vilinci, ki sredi gozda v soju jutranje zarje ple\u0161ejo svoj skrivnostni vilinski ples. Vodnik glede na starostno skupino razlaga u\u010dne vsebine*, ki se navezujejo tako na naravno kot kulturno dedi\u0161\u010dino tega kraja. Vsebine se navezujejo na tradicijo mlinarstva na tem obmo\u010dju, spoznavajo \u017eivali in rastline, ki jih je mo\u010d najti na Homcu, pravila nabiralni\u0161tva in zdravilne rastline ter se sprehodimo v pretekla obdobja tega kraja. Poseben poudarek je na vrednotah in vrlinah, kot so<br \/>\nljubezen, spo\u0161tovanje, pomo\u010d, prijateljstvo.<\/p>\n<p>Pot z u\u010denci prehodite z <a href=\"https:\/\/www.skrateljc.org\/it\/prodotto-2\/vilinska-belezka\/\">Vilinsko bele\u017eko<\/a> v kateri so zbrane naloge in vsebine, ki jih spoznavajo na poti. Program popestrijo do\u017eivljajske to\u010dke, kjer u\u010denci spoznajo zdravilne rastline, zajamejo vodo iz \u010dude\u017enega studenca in prisluhnejo vilinskemu petju vil rusalk, obi\u0161\u010dejo vilinsko mesto Pikel, se preizkusijo v vilinskem letenju\u00a0in \u0161e mnogo ve\u010d.<\/p>\n\t\t<\/div>\n\t\t\t\t\t<\/div>\n\n\t\n\n\t<div id=\"col-35966493\" class=\"col medium-3 small-12 large-3\"  >\n\t\t\t\t<div class=\"col-inner\"  >\n\t\t\t\n\t\t\t\n\t\n  \n    <div id=\"product-grid-340451668\" class=\"slider slider-auto-height row-collapse slider-nav-reveal\" data-flickity-options='{&quot;imagesLoaded&quot;: true, &quot;dragThreshold&quot; : 5, &quot;cellAlign&quot;: &quot;left&quot;,&quot;wrapAround&quot;: true,&quot;prevNextButtons&quot;: true,&quot;percentPosition&quot;: true,&quot;pageDots&quot;: false, &quot;rightToLeft&quot;: false, &quot;autoPlay&quot; : false}'>\n\n  \n\t     <div class=\"product-small col has-hover product type-product post-22071 status-publish first instock product_cat-belezke product_cat-dozivetja-v-naravi has-post-thumbnail shipping-taxable purchasable product-type-simple\">\n\t<div class=\"col-inner\">\n\t\n<div class=\"badge-container absolute left top z-1\">\n\n<\/div>\n\t<div class=\"product-small box\">\n\t\t<div class=\"box-image\">\n\t\t\t<div class=\"image-fade_in_back\">\n\t\t\t\t<a href=\"https:\/\/www.skrateljc.org\/it\/izdelek\/vilinska-belezka\/\">\n\t\t\t\t\t<img loading=\"lazy\" decoding=\"async\" width=\"200\" height=\"240\" src=\"https:\/\/www.skrateljc.org\/wp-content\/uploads\/2022\/10\/vilinska-belezka-200x240.jpg\" class=\"attachment-woocommerce_thumbnail size-woocommerce_thumbnail\" alt=\"Vilinski Homec pravlji\u010dno-do\u017eivljajska pot Dom\u017eale Radomlje\" srcset=\"https:\/\/www.skrateljc.org\/wp-content\/uploads\/2022\/10\/vilinska-belezka-200x240.jpg 200w, https:\/\/www.skrateljc.org\/wp-content\/uploads\/2022\/10\/vilinska-belezka-300x360.jpg 300w\" sizes=\"auto, (max-width: 200px) 100vw, 200px\" \/>\t\t\t\t<\/a>\n\t\t\t<\/div>\n\t\t\t<div class=\"image-tools is-small top right show-on-hover\">\n\t\t\t\t\t\t\t<\/div>\n\t\t\t<div class=\"image-tools is-small hide-for-small bottom left show-on-hover\">\n\t\t\t\t\t\t\t<\/div>\n\t\t\t<div class=\"image-tools grid-tools text-center hide-for-small bottom hover-slide-in show-on-hover\">\n\t\t\t\t\t\t\t<\/div>\n\t\t\t\t\t<\/div>\n\n\t\t<div class=\"box-text box-text-products\">\n\t\t\t<div class=\"title-wrapper\"><p class=\"name product-title woocommerce-loop-product__title\"><a href=\"https:\/\/www.skrateljc.org\/it\/izdelek\/vilinska-belezka\/\" class=\"woocommerce-LoopProduct-link woocommerce-loop-product__link\">Vilinska bele\u017eka<\/a><\/p><\/div><div class=\"price-wrapper\"><\/div>\t\t<\/div>\n\t<\/div>\n\t\t<\/div>\n<\/div><\/div>\n<h4><b>LOKACIJA IN TRAJANJE PROGRAMA:\u00a0<\/b><\/h4>\n<p>Dogodiv\u0161\u010dina Vilinski Homec se pri\u010dne na parkiri\u0161\u010du pri Gostilni Repan\u0161ek, kjer vas pri\u010daka vodnik. Pot je dolga 3,6 km, je urejena, nezahtevna, dobro ozna\u010dena z vilinskimi smerokazi in utrjena, otroci naj imajo pohodno obutev.<\/p>\n<p><b>Program traja cca 2,5 uri.\u00a0<\/b><\/p>\n<p><span style=\"font-weight: 400;\">Znotraj programa lahko umestimo \u0161olsko malico.\u00a0<\/span><\/p>\n\t\t<\/div>\n\t\t\t\t\t<\/div>\n\n\t\n<\/div>\n<div class=\"row row-full-width align-equal align-center\"  id=\"row-1074997786\">\n\n\t<div id=\"col-1360968574\" class=\"col medium-6 small-12 large-6\"  >\n\t\t\t\t<div class=\"col-inner\"  >\n\t\t\t\n\t\t\t\n<h2><a href=\"https:\/\/www.skrateljc.org\/it\/pravljicni-sumberk\/\"><b>PRAVLJI\u010cNI \u0160UMBERK<\/b><\/a><\/h2>\n<p>Pravlji\u010dni \u0160umberk je pohodni\u0161ka pot v Dom\u017ealah, ki vas popelje skozi gozd \u0160umberk ter razkriva zgodbe iz davnine, \u0161e posebej podrobno pa spoznate zgodbo o slamnikih iz Dom\u017eal.<\/p>\n<h4><b>VSEBINA PROGRAMA:<\/b><\/h4>\n<p>Dom\u017eale so mesto z bogato zgodovino in skrivnostno naravo. Odpotovali boste v prazgodovino tega kraja in pravlji\u010dno lep gozd \u0160umberk. V njih domujeta tudi jamski \u0161krat Dom\u017eelc in hro\u0161\u010dek Simon, ki je velik prijatelj lisi\u010dke, ki \u017eivi v gozdu na \u0160umberku. Lisi\u010dka s \u0160umberka ima \u010dudovit slamnik, ki ga nikoli ne sname z glave. Prav tak\u0161en slamnik je nosila \u017ee njena mama, pa od mame mama in tako nazaj\u2026 Toda zgodilo se je nekaj stra\u0161nega. Lisi\u010dka je na \u0160umberku izgubila slamnik in zdaj potrebuje pomo\u010d&#8230;<br \/>\nNa pot se podate z vodnikom, ki glede na starostno skupino predstavi u\u010dne vsebine*, ki se navezujejo tako na naravno kot kulturno dedi\u0161\u010dino tega kraja. Spoznavajo vsebine, vezane na mlinarstvo, kras in kra\u0161ke pojave, spoznavajo drevesne vrste in zeli\u0161\u010da. Predstavimo jim tradicijo slamnikarstva in izdelovanja slamnikov ter se sprehodimo dale\u010d v prazgodovino tega kraja.<\/p>\n<p>Poleg tega u\u010denci pot prehodijo z bele\u017eko Pravlji\u010dni \u0160umberk, v kateri so zbrane naloge in vsebine, ki jih spoznavajo na poti. Program popestrijo do\u017eivljajske to\u010dke, kjer u\u010denci spoznavajo raznolika drevesa, \u017eivali in celo kra\u0161ke jame.<\/p>\n\t\t<\/div>\n\t\t\t\t\t<\/div>\n\n\t\n\n\t<div id=\"col-16472304\" class=\"col medium-3 small-12 large-3\"  >\n\t\t\t\t<div class=\"col-inner\"  >\n\t\t\t\n\t\t\t\n\t\n  \n    <div id=\"product-grid-1941786753\" class=\"slider slider-auto-height row-collapse slider-nav-reveal\" data-flickity-options='{&quot;imagesLoaded&quot;: true, &quot;dragThreshold&quot; : 5, &quot;cellAlign&quot;: &quot;left&quot;,&quot;wrapAround&quot;: true,&quot;prevNextButtons&quot;: true,&quot;percentPosition&quot;: true,&quot;pageDots&quot;: false, &quot;rightToLeft&quot;: false, &quot;autoPlay&quot; : false}'>\n\n  \n\t     <div class=\"product-small col has-hover product type-product post-793 status-publish instock product_cat-belezke product_cat-dozivetja-v-naravi has-post-thumbnail shipping-taxable purchasable product-type-variable has-default-attributes\">\n\t<div class=\"col-inner\">\n\t\n<div class=\"badge-container absolute left top z-1\">\n\n<\/div>\n\t<div class=\"product-small box\">\n\t\t<div class=\"box-image\">\n\t\t\t<div class=\"image-fade_in_back\">\n\t\t\t\t<a href=\"https:\/\/www.skrateljc.org\/it\/izdelek\/belezka-pravljicni-sumberk\/\">\n\t\t\t\t\t<img loading=\"lazy\" decoding=\"async\" width=\"200\" height=\"240\" src=\"https:\/\/www.skrateljc.org\/wp-content\/uploads\/2021\/09\/Pravljicni_Sumberk_koncano-200x240.jpg\" class=\"attachment-woocommerce_thumbnail size-woocommerce_thumbnail\" alt=\"Pravlji\u010dni \u0160umberk bele\u017eka \u0160krateljc Pravlji\u010dne poti Pravlji\u010dno-do\u017eivljajska transverzala dru\u017einski izleti\" srcset=\"https:\/\/www.skrateljc.org\/wp-content\/uploads\/2021\/09\/Pravljicni_Sumberk_koncano-200x240.jpg 200w, https:\/\/www.skrateljc.org\/wp-content\/uploads\/2021\/09\/Pravljicni_Sumberk_koncano-247x296.jpg 247w\" sizes=\"auto, (max-width: 200px) 100vw, 200px\" \/>\t\t\t\t<\/a>\n\t\t\t<\/div>\n\t\t\t<div class=\"image-tools is-small top right show-on-hover\">\n\t\t\t\t\t\t\t<\/div>\n\t\t\t<div class=\"image-tools is-small hide-for-small bottom left show-on-hover\">\n\t\t\t\t\t\t\t<\/div>\n\t\t\t<div class=\"image-tools grid-tools text-center hide-for-small bottom hover-slide-in show-on-hover\">\n\t\t\t\t\t\t\t<\/div>\n\t\t\t\t\t<\/div>\n\n\t\t<div class=\"box-text box-text-products\">\n\t\t\t<div class=\"title-wrapper\"><p class=\"name product-title woocommerce-loop-product__title\"><a href=\"https:\/\/www.skrateljc.org\/it\/izdelek\/belezka-pravljicni-sumberk\/\" class=\"woocommerce-LoopProduct-link woocommerce-loop-product__link\">Bele\u017eka Pravlji\u010dni \u0160umberk<\/a><\/p><\/div><div class=\"price-wrapper\"><\/div>\t\t<\/div>\n\t<\/div>\n\t\t<\/div>\n<\/div><\/div>\n<h4><b>LOKACIJA IN TRAJANJE PROGRAMA:\u00a0<\/b><\/h4>\n<p>Dogodiv\u0161\u010dina Pravlji\u010dni \u0160umberk se pri\u010dne pri kavarni \u010ce\u0161min v sredi\u0161\u010du Dom\u017eal, kjer vas pri\u010daka vodnik. Pot je dolga 3,5 km, je kro\u017ena, urejena, nezahtevna, dobro ozna\u010dena s smerokazi.<\/p>\n<p><b>Program traja cca 2,5 uri.\u00a0<\/b><\/p>\n<p><span style=\"font-weight: 400;\">Znotraj programa lahko umestimo \u0161olsko malico.\u00a0<\/span><\/p>\n\t\t<\/div>\n\t\t\t\t\t<\/div>\n\n\t\n<\/div>\n<div class=\"row\"  id=\"row-1021556819\">\n\n\t<div id=\"col-1018669218\" class=\"col medium-2 small-12 large-2\"  >\n\t\t\t\t<div class=\"col-inner\"  >\n\t\t\t\n\t\t\t\n\t\t<\/div>\n\t\t\t\t\t<\/div>\n\n\t\n\n\t<div id=\"col-1966019240\" class=\"col medium-8 small-12 large-8\"  >\n\t\t\t\t<div class=\"col-inner\"  >\n\t\t\t\n\t\t\t\n<div class=\"slider-wrapper relative\" id=\"slider-766657201\" >\n    <div class=\"slider slider-nav-circle slider-nav-large slider-nav-light slider-style-normal\"\n        data-flickity-options='{            \"cellAlign\": \"center\",            \"imagesLoaded\": true,            \"lazyLoad\": 1,            \"freeScroll\": false,            \"wrapAround\": true,            \"autoPlay\": 6000,            \"pauseAutoPlayOnHover\" : true,            \"prevNextButtons\": true,            \"contain\" : true,            \"adaptiveHeight\" : true,            \"dragThreshold\" : 10,            \"percentPosition\": true,            \"pageDots\": true,            \"rightToLeft\": false,            \"draggable\": true,            \"selectedAttraction\": 0.1,            \"parallax\" : 0,            \"friction\": 0.6        }'\n        >\n        \n\t<div class=\"img has-hover x md-x lg-x y md-y lg-y\" id=\"image_640877522\">\n\t\t\t\t\t\t\t\t<div class=\"img-inner dark\" >\n\t\t\t<img loading=\"lazy\" decoding=\"async\" width=\"1020\" height=\"680\" src=\"https:\/\/www.skrateljc.org\/wp-content\/uploads\/2022\/03\/vodenja-sole-21.jpg\" class=\"attachment-large size-large\" alt=\"\u0160olski izleti \u0160krateljc Pravlji\u010dno-do\u017eivljajska transverzala po Sloveniji\" srcset=\"https:\/\/www.skrateljc.org\/wp-content\/uploads\/2022\/03\/vodenja-sole-21.jpg 1100w, https:\/\/www.skrateljc.org\/wp-content\/uploads\/2022\/03\/vodenja-sole-21-350x233.jpg 350w, https:\/\/www.skrateljc.org\/wp-content\/uploads\/2022\/03\/vodenja-sole-21-600x400.jpg 600w, https:\/\/www.skrateljc.org\/wp-content\/uploads\/2022\/03\/vodenja-sole-21-768x512.jpg 768w, https:\/\/www.skrateljc.org\/wp-content\/uploads\/2022\/03\/vodenja-sole-21-510x340.jpg 510w\" sizes=\"auto, (max-width: 1020px) 100vw, 1020px\" \/>\t\t\t\t\t\t\n\t\t\t\t\t<\/div>\n\t\t\t\t\t\t\t\t\n<style>\n#image_640877522 {\n  width: 100%;\n}\n<\/style>\n\t<\/div>\n\t\n\t<div class=\"img has-hover x md-x lg-x y md-y lg-y\" id=\"image_337900363\">\n\t\t\t\t\t\t\t\t<div class=\"img-inner dark\" >\n\t\t\t<img loading=\"lazy\" decoding=\"async\" width=\"1020\" height=\"680\" src=\"https:\/\/www.skrateljc.org\/wp-content\/uploads\/2022\/03\/vodenja-sole-19.jpg\" class=\"attachment-large size-large\" alt=\"\u0160olski izleti \u0160krateljc Pravlji\u010dno-do\u017eivljajska transverzala po Sloveniji\" srcset=\"https:\/\/www.skrateljc.org\/wp-content\/uploads\/2022\/03\/vodenja-sole-19.jpg 1100w, https:\/\/www.skrateljc.org\/wp-content\/uploads\/2022\/03\/vodenja-sole-19-350x233.jpg 350w, https:\/\/www.skrateljc.org\/wp-content\/uploads\/2022\/03\/vodenja-sole-19-600x400.jpg 600w, https:\/\/www.skrateljc.org\/wp-content\/uploads\/2022\/03\/vodenja-sole-19-768x512.jpg 768w, https:\/\/www.skrateljc.org\/wp-content\/uploads\/2022\/03\/vodenja-sole-19-510x340.jpg 510w\" sizes=\"auto, (max-width: 1020px) 100vw, 1020px\" \/>\t\t\t\t\t\t\n\t\t\t\t\t<\/div>\n\t\t\t\t\t\t\t\t\n<style>\n#image_337900363 {\n  width: 100%;\n}\n<\/style>\n\t<\/div>\n\t\n\t<div class=\"img has-hover x md-x lg-x y md-y lg-y\" id=\"image_89983006\">\n\t\t\t\t\t\t\t\t<div class=\"img-inner dark\" >\n\t\t\t<img loading=\"lazy\" decoding=\"async\" width=\"1020\" height=\"680\" src=\"https:\/\/www.skrateljc.org\/wp-content\/uploads\/2022\/03\/vodenja-sole-17.jpg\" class=\"attachment-large size-large\" alt=\"\u0160olski izleti \u0160krateljc Pravlji\u010dno-do\u017eivljajska transverzala po Sloveniji\" srcset=\"https:\/\/www.skrateljc.org\/wp-content\/uploads\/2022\/03\/vodenja-sole-17.jpg 1100w, https:\/\/www.skrateljc.org\/wp-content\/uploads\/2022\/03\/vodenja-sole-17-350x233.jpg 350w, https:\/\/www.skrateljc.org\/wp-content\/uploads\/2022\/03\/vodenja-sole-17-600x400.jpg 600w, https:\/\/www.skrateljc.org\/wp-content\/uploads\/2022\/03\/vodenja-sole-17-768x512.jpg 768w, https:\/\/www.skrateljc.org\/wp-content\/uploads\/2022\/03\/vodenja-sole-17-510x340.jpg 510w\" sizes=\"auto, (max-width: 1020px) 100vw, 1020px\" \/>\t\t\t\t\t\t\n\t\t\t\t\t<\/div>\n\t\t\t\t\t\t\t\t\n<style>\n#image_89983006 {\n  width: 100%;\n}\n<\/style>\n\t<\/div>\n\t\n\t<div class=\"img has-hover x md-x lg-x y md-y lg-y\" id=\"image_402499155\">\n\t\t\t\t\t\t\t\t<div class=\"img-inner dark\" >\n\t\t\t<img loading=\"lazy\" decoding=\"async\" width=\"1000\" height=\"667\" src=\"https:\/\/www.skrateljc.org\/wp-content\/uploads\/2022\/03\/vodenja-sole-11.jpg\" class=\"attachment-large size-large\" alt=\"\u0160olski izleti \u0160krateljc Pravlji\u010dno-do\u017eivljajska transverzala po Sloveniji\" srcset=\"https:\/\/www.skrateljc.org\/wp-content\/uploads\/2022\/03\/vodenja-sole-11.jpg 1000w, https:\/\/www.skrateljc.org\/wp-content\/uploads\/2022\/03\/vodenja-sole-11-350x233.jpg 350w, https:\/\/www.skrateljc.org\/wp-content\/uploads\/2022\/03\/vodenja-sole-11-600x400.jpg 600w, https:\/\/www.skrateljc.org\/wp-content\/uploads\/2022\/03\/vodenja-sole-11-768x512.jpg 768w, https:\/\/www.skrateljc.org\/wp-content\/uploads\/2022\/03\/vodenja-sole-11-510x340.jpg 510w\" sizes=\"auto, (max-width: 1000px) 100vw, 1000px\" \/>\t\t\t\t\t\t\n\t\t\t\t\t<\/div>\n\t\t\t\t\t\t\t\t\n<style>\n#image_402499155 {\n  width: 100%;\n}\n<\/style>\n\t<\/div>\n\t\n\t<div class=\"img has-hover x md-x lg-x y md-y lg-y\" id=\"image_1153230957\">\n\t\t\t\t\t\t\t\t<div class=\"img-inner dark\" >\n\t\t\t<img loading=\"lazy\" decoding=\"async\" width=\"1020\" height=\"679\" src=\"https:\/\/www.skrateljc.org\/wp-content\/uploads\/2022\/03\/vodenja-sole-32.jpg\" class=\"attachment-large size-large\" alt=\"\u0160olski izleti \u0160krateljc Pravlji\u010dno-do\u017eivljajska transverzala po Sloveniji\" srcset=\"https:\/\/www.skrateljc.org\/wp-content\/uploads\/2022\/03\/vodenja-sole-32.jpg 1100w, https:\/\/www.skrateljc.org\/wp-content\/uploads\/2022\/03\/vodenja-sole-32-350x233.jpg 350w, https:\/\/www.skrateljc.org\/wp-content\/uploads\/2022\/03\/vodenja-sole-32-601x400.jpg 601w, https:\/\/www.skrateljc.org\/wp-content\/uploads\/2022\/03\/vodenja-sole-32-768x511.jpg 768w, https:\/\/www.skrateljc.org\/wp-content\/uploads\/2022\/03\/vodenja-sole-32-510x339.jpg 510w\" sizes=\"auto, (max-width: 1020px) 100vw, 1020px\" \/>\t\t\t\t\t\t\n\t\t\t\t\t<\/div>\n\t\t\t\t\t\t\t\t\n<style>\n#image_1153230957 {\n  width: 100%;\n}\n<\/style>\n\t<\/div>\n\t\n\t<div class=\"img has-hover x md-x lg-x y md-y lg-y\" id=\"image_688509033\">\n\t\t\t\t\t\t\t\t<div class=\"img-inner dark\" >\n\t\t\t<img loading=\"lazy\" decoding=\"async\" width=\"1000\" height=\"667\" src=\"https:\/\/www.skrateljc.org\/wp-content\/uploads\/2022\/03\/vodenja-sole-12.jpg\" class=\"attachment-large size-large\" alt=\"\u0160olski izleti \u0160krateljc Pravlji\u010dno-do\u017eivljajska transverzala po Sloveniji\" srcset=\"https:\/\/www.skrateljc.org\/wp-content\/uploads\/2022\/03\/vodenja-sole-12.jpg 1000w, https:\/\/www.skrateljc.org\/wp-content\/uploads\/2022\/03\/vodenja-sole-12-350x233.jpg 350w, https:\/\/www.skrateljc.org\/wp-content\/uploads\/2022\/03\/vodenja-sole-12-600x400.jpg 600w, https:\/\/www.skrateljc.org\/wp-content\/uploads\/2022\/03\/vodenja-sole-12-768x512.jpg 768w, https:\/\/www.skrateljc.org\/wp-content\/uploads\/2022\/03\/vodenja-sole-12-510x340.jpg 510w\" sizes=\"auto, (max-width: 1000px) 100vw, 1000px\" \/>\t\t\t\t\t\t\n\t\t\t\t\t<\/div>\n\t\t\t\t\t\t\t\t\n<style>\n#image_688509033 {\n  width: 100%;\n}\n<\/style>\n\t<\/div>\n\t\n\t<div class=\"img has-hover x md-x lg-x y md-y lg-y\" id=\"image_980270989\">\n\t\t\t\t\t\t\t\t<div class=\"img-inner dark\" >\n\t\t\t<img loading=\"lazy\" decoding=\"async\" width=\"1020\" height=\"680\" src=\"https:\/\/www.skrateljc.org\/wp-content\/uploads\/2022\/03\/vodenja-sole-15.jpg\" class=\"attachment-large size-large\" alt=\"\u0160olski izleti \u0160krateljc Pravlji\u010dno-do\u017eivljajska transverzala po Sloveniji\" srcset=\"https:\/\/www.skrateljc.org\/wp-content\/uploads\/2022\/03\/vodenja-sole-15.jpg 1100w, https:\/\/www.skrateljc.org\/wp-content\/uploads\/2022\/03\/vodenja-sole-15-350x233.jpg 350w, https:\/\/www.skrateljc.org\/wp-content\/uploads\/2022\/03\/vodenja-sole-15-600x400.jpg 600w, https:\/\/www.skrateljc.org\/wp-content\/uploads\/2022\/03\/vodenja-sole-15-768x512.jpg 768w, https:\/\/www.skrateljc.org\/wp-content\/uploads\/2022\/03\/vodenja-sole-15-510x340.jpg 510w\" sizes=\"auto, (max-width: 1020px) 100vw, 1020px\" \/>\t\t\t\t\t\t\n\t\t\t\t\t<\/div>\n\t\t\t\t\t\t\t\t\n<style>\n#image_980270989 {\n  width: 100%;\n}\n<\/style>\n\t<\/div>\n\t\n\t<div class=\"img has-hover x md-x lg-x y md-y lg-y\" id=\"image_1588282365\">\n\t\t\t\t\t\t\t\t<div class=\"img-inner dark\" >\n\t\t\t<img loading=\"lazy\" decoding=\"async\" width=\"1000\" height=\"667\" src=\"https:\/\/www.skrateljc.org\/wp-content\/uploads\/2022\/03\/vodenja-sole-13.jpg\" class=\"attachment-large size-large\" alt=\"\u0160olski izleti \u0160krateljc Pravlji\u010dno-do\u017eivljajska transverzala po Sloveniji\" srcset=\"https:\/\/www.skrateljc.org\/wp-content\/uploads\/2022\/03\/vodenja-sole-13.jpg 1000w, https:\/\/www.skrateljc.org\/wp-content\/uploads\/2022\/03\/vodenja-sole-13-350x233.jpg 350w, https:\/\/www.skrateljc.org\/wp-content\/uploads\/2022\/03\/vodenja-sole-13-600x400.jpg 600w, https:\/\/www.skrateljc.org\/wp-content\/uploads\/2022\/03\/vodenja-sole-13-768x512.jpg 768w, https:\/\/www.skrateljc.org\/wp-content\/uploads\/2022\/03\/vodenja-sole-13-510x340.jpg 510w\" sizes=\"auto, (max-width: 1000px) 100vw, 1000px\" \/>\t\t\t\t\t\t\n\t\t\t\t\t<\/div>\n\t\t\t\t\t\t\t\t\n<style>\n#image_1588282365 {\n  width: 100%;\n}\n<\/style>\n\t<\/div>\n\t\n\t<div class=\"img has-hover x md-x lg-x y md-y lg-y\" id=\"image_824722974\">\n\t\t\t\t\t\t\t\t<div class=\"img-inner dark\" >\n\t\t\t<img loading=\"lazy\" decoding=\"async\" width=\"1020\" height=\"680\" src=\"https:\/\/www.skrateljc.org\/wp-content\/uploads\/2022\/03\/vodenja-sole-14.jpg\" class=\"attachment-large size-large\" alt=\"\u0160olski izleti \u0160krateljc Pravlji\u010dno-do\u017eivljajska transverzala po Sloveniji\" srcset=\"https:\/\/www.skrateljc.org\/wp-content\/uploads\/2022\/03\/vodenja-sole-14.jpg 1100w, https:\/\/www.skrateljc.org\/wp-content\/uploads\/2022\/03\/vodenja-sole-14-350x233.jpg 350w, https:\/\/www.skrateljc.org\/wp-content\/uploads\/2022\/03\/vodenja-sole-14-600x400.jpg 600w, https:\/\/www.skrateljc.org\/wp-content\/uploads\/2022\/03\/vodenja-sole-14-768x512.jpg 768w, https:\/\/www.skrateljc.org\/wp-content\/uploads\/2022\/03\/vodenja-sole-14-510x340.jpg 510w\" sizes=\"auto, (max-width: 1020px) 100vw, 1020px\" \/>\t\t\t\t\t\t\n\t\t\t\t\t<\/div>\n\t\t\t\t\t\t\t\t\n<style>\n#image_824722974 {\n  width: 100%;\n}\n<\/style>\n\t<\/div>\n\t\n\t<div class=\"img has-hover x md-x lg-x y md-y lg-y\" id=\"image_1417892423\">\n\t\t\t\t\t\t\t\t<div class=\"img-inner dark\" >\n\t\t\t<img loading=\"lazy\" decoding=\"async\" width=\"1020\" height=\"680\" src=\"https:\/\/www.skrateljc.org\/wp-content\/uploads\/2022\/03\/vodenja-sole-8.jpg\" class=\"attachment-large size-large\" alt=\"\u0160olski izleti \u0160krateljc Pravlji\u010dno-do\u017eivljajska transverzala po Sloveniji\" srcset=\"https:\/\/www.skrateljc.org\/wp-content\/uploads\/2022\/03\/vodenja-sole-8.jpg 1100w, https:\/\/www.skrateljc.org\/wp-content\/uploads\/2022\/03\/vodenja-sole-8-350x233.jpg 350w, https:\/\/www.skrateljc.org\/wp-content\/uploads\/2022\/03\/vodenja-sole-8-600x400.jpg 600w, https:\/\/www.skrateljc.org\/wp-content\/uploads\/2022\/03\/vodenja-sole-8-768x512.jpg 768w, https:\/\/www.skrateljc.org\/wp-content\/uploads\/2022\/03\/vodenja-sole-8-510x340.jpg 510w\" sizes=\"auto, (max-width: 1020px) 100vw, 1020px\" \/>\t\t\t\t\t\t\n\t\t\t\t\t<\/div>\n\t\t\t\t\t\t\t\t\n<style>\n#image_1417892423 {\n  width: 100%;\n}\n<\/style>\n\t<\/div>\n\t\n     <\/div>\n\n     <div class=\"loading-spin dark large centered\"><\/div>\n\n\t<\/div>\n\n\n\t\t<\/div>\n\t\t\t\t\t<\/div>\n\n\t\n\n\t<div id=\"col-1123630368\" class=\"col medium-2 small-12 large-2\"  >\n\t\t\t\t<div class=\"col-inner\"  >\n\t\t\t\n\t\t\t\n\t\t<\/div>\n\t\t\t\t\t<\/div>\n\n\t\n<\/div>\n\n\t<section class=\"section\" id=\"section_47808627\">\n\t\t<div class=\"section-bg fill\" >\n\t\t\t\t\t\t\t\t\t\n\t\t\t\n\n\t\t<\/div>\n\n\t\t\n\n\t\t<div class=\"section-content relative\">\n\t\t\t\n<div class=\"row align-middle align-center\"  id=\"row-549416458\">\n\n\t<div id=\"col-1223832150\" class=\"col small-12 large-12\"  >\n\t\t\t\t<div class=\"col-inner\"  >\n\t\t\t\n\t\t\t\n<h1 style=\"text-align: center;\"><span style=\"color: #ffffff; font-size: 160%; padding-bottom: 10px;\">CENA PROGRAMOV<\/span><\/h1>\n<p style=\"text-align: center;\"><span style=\"color: #fcfcfc;\">Cena: 12,00 \u20ac \/ otroka<\/span><br \/><span style=\"color: #fcfcfc;\">Ob rezervaciji obiska vam omogo\u010damo nakup slikanice izbrane poti po ceni 10 \u20ac (redna cena 20 \u20ac).<\/span><br \/><span style=\"color: #fcfcfc;\">*V primeru odpovedi na dan obiska, se zara\u010dunajo manipulativni stro\u0161ki v vi\u0161ini 70 \u20ac na skupino<\/span><br \/><span style=\"color: #fcfcfc;\">Trajanje: 2,5 &#8211; 3 ure, z vmesnim 15-minutnim odmorom za malico<\/span><\/p>\n<p style=\"text-align: center;\"><span style=\"color: #f5f5f5;\">Pred\u0161olske in \u0161olske skupine se na pohod po pravlji\u010dno &#8211; do\u017eivljajskih poteh lahko odpravite tudi samostojno. Cena didakti\u010dne knji\u017eice &#8211; bele\u017eke, ki je vstopnica za samostojen strukturiran obisk poti, zna\u0161a 7 EUR\/otroka.<\/span><\/p>\n\t\t<\/div>\n\t\t\t\t\t<\/div>\n\n\t\n<\/div>\n\t\t<\/div>\n\n\t\t\n<style>\n#section_47808627 {\n  padding-top: 0px;\n  padding-bottom: 0px;\n  background-color: rgb(189, 154, 122);\n}\n<\/style>\n\t<\/section>\n\t\n\t<div id=\"gap-244335741\" class=\"gap-element clearfix\" style=\"display:block; height:auto;\">\n\t\t\n<style>\n#gap-244335741 {\n  padding-top: 40px;\n}\n<\/style>\n\t<\/div>\n\t\n<div class=\"row row-full-width align-middle align-center\"  id=\"row-1351498047\">\n\n\t<div id=\"col-1263172734\" class=\"col fleki medium-8 small-12 large-8\"  >\n\t\t\t\t<div class=\"col-inner\"  >\n\t\t\t\n\t\t\t\n\t<div id=\"gap-581823556\" class=\"gap-element clearfix\" style=\"display:block; height:auto;\">\n\t\t\n<style>\n#gap-581823556 {\n  padding-top: 30px;\n}\n<\/style>\n\t<\/div>\n\t\n<h1 style=\"text-align: center; padding-bottom: 30px;\"><span style=\"color: #8a916c; font-size: 160%;\">POVEZAVA Z U\u010cNIMI NA\u010cRTI ZA 1-3. RAZRED OSNOVNE \u0160OLE<\/span><\/h1>\n<ul class=\"skrateljc2-ul\" style=\"padding-left: 150px; padding-right: 150px;\">\n<li>vsebine, vezane na okolje (kako \u010dlovek vpliva na naravo, kako spremembe vplivajo na naravo in \u010dloveka)<\/li>\n<li>vsebine, vezane na \u017eiva bitja (prepoznavanje rastlin in \u017eivali, njihovih podobnosti in razlik, poimenovanja okolij)<\/li>\n<li>vsebine, vezane na pojave (vremenska stanja, vremenski pojavi \u2013 burja)<\/li>\n<li>vsebine, vezane na prostor (zna\u010dilnosti kraja, pokrajine)<br \/>\nvsebine, vezane na \u010das (letni \u010dasi, \u017eivljenje v preteklosti in sedanjosti, pomen dedi\u0161\u010dine)<\/li>\n<\/ul>\n<h1 style=\"text-align: center; padding-bottom: 30px;\"><span style=\"color: #8a916c; font-size: 160%;\">Otroci se na na\u0161ih poteh u\u010dijo:<\/span><\/h1>\n<ul class=\"skrateljc2-ul\" style=\"padding-left: 150px; padding-right: 150px;\">\n<li>pisanja velikih tiskanih \u010drk, risanja simbolov in znakov<br \/>\nse\u0161tevanja in od\u0161tevanja<br \/>\nposlu\u0161anja in prepoznavanja razli\u010dnih zvokov iz okolja in narave<\/li>\n<li>ustvarjanja zvokov in melodij na zvo\u010dilih v naravi<br \/>\norientacije v gozdu s pomo\u010djo zemljevida, smerokazov in drugih znakov<\/li>\n<\/ul>\n\t\t<\/div>\n\t\t\t\t\t<\/div>\n\n\t\n<\/div>\n\n\t<section class=\"section\" id=\"section_628369955\">\n\t\t<div class=\"section-bg fill\" >\n\t\t\t\t\t\t\t\t\t\n\t\t\t\n\n\t\t<\/div>\n\n\t\t\n\n\t\t<div class=\"section-content relative\">\n\t\t\t\n<div class=\"row align-middle align-center\"  id=\"row-1342547636\">\n\n\t<div id=\"col-1569257090\" class=\"col small-12 large-12\"  >\n\t\t\t\t<div class=\"col-inner\"  >\n\t\t\t\n\t\t\t\n<h1><\/h1>\n<h1 style=\"text-align: center;\"><span style=\"color: #ffffff; font-size: 160%; padding-bottom: 10px;\">PRAVLJI\u010cNA PRIPOVEDOVANJA IN USTVARJALNA DELAVNICA<\/span><\/h1>\n\t\t<\/div>\n\t\t\t\t\t<\/div>\n\n\t\n<\/div>\n\t\t<\/div>\n\n\t\t\n<style>\n#section_628369955 {\n  padding-top: 17px;\n  padding-bottom: 17px;\n  background-color: rgb(189, 154, 122);\n}\n<\/style>\n\t<\/section>\n\t\n\t<div id=\"gap-419431434\" class=\"gap-element clearfix\" style=\"display:block; height:auto;\">\n\t\t\n<style>\n#gap-419431434 {\n  padding-top: 30px;\n}\n<\/style>\n\t<\/div>\n\t\n<div class=\"row\"  id=\"row-462299645\">\n\n\t<div id=\"col-2088052077\" class=\"col medium-4 small-12 large-4\"  >\n\t\t\t\t<div class=\"col-inner\"  >\n\t\t\t\n\t\t\t\n\n  <div class=\"banner has-hover\" id=\"banner-710752854\">\n          <div class=\"banner-inner fill\">\n        <div class=\"banner-bg fill\" >\n                                                \n                    <\/div>\n\t\t\n        <div class=\"banner-layers container\">\n            <div class=\"fill banner-link\"><\/div>            \n   <div id=\"text-box-293146512\" class=\"text-box banner-layer x50 md-x50 lg-x50 y50 md-y50 lg-y50 res-text\">\n                                <div class=\"text-box-content text dark\">\n              \n              <div class=\"text-inner text-center\">\n                  \n<h3 class=\"uppercase\">Bi \u017eeleli prisluhniti zgodbi o lisi\u010dki in izgubljenem slamniku?<\/h3>\n<h3 class=\"uppercase\">Ali naj vam \u010darovnica Zmaja pove zgodbo o za\u010darani \u010darovni\u0161ki \u0161oli?<\/h3>\n<h3 class=\"uppercase\">Morda pa vas bolj zanima pravljica o mo\u010dvirskih \u0161kratih in pogumni \u017eelvi Bevki?<\/h3>\n              <\/div>\n           <\/div>\n                            \n<style>\n#text-box-293146512 {\n  width: 87%;\n}\n#text-box-293146512 .text-box-content {\n  font-size: 100%;\n}\n<\/style>\n    <\/div>\n \n        <\/div>\n      <\/div>\n\n            \n<style>\n#banner-710752854 {\n  padding-top: 241px;\n}\n<\/style>\n  <\/div>\n\n\n\t\t<\/div>\n\t\t\t\t\t<\/div>\n\n\t\n\n\t<div id=\"col-588050773\" class=\"col medium-4 small-12 large-4\"  >\n\t\t\t\t<div class=\"col-inner\"  >\n\t\t\t\n\t\t\t\n\t<div class=\"img has-hover x md-x lg-x y md-y lg-y\" id=\"image_1501067103\">\n\t\t\t\t\t\t\t\t<div class=\"img-inner box-shadow-5 dark\" >\n\t\t\t<img loading=\"lazy\" decoding=\"async\" width=\"768\" height=\"511\" src=\"https:\/\/www.skrateljc.org\/wp-content\/uploads\/2024\/01\/211030_Krskocara_040-768x511.jpg\" class=\"attachment-medium_large size-medium_large\" alt=\"\" srcset=\"https:\/\/www.skrateljc.org\/wp-content\/uploads\/2024\/01\/211030_Krskocara_040-768x511.jpg 768w, https:\/\/www.skrateljc.org\/wp-content\/uploads\/2024\/01\/211030_Krskocara_040-scaled-350x233.jpg 350w, https:\/\/www.skrateljc.org\/wp-content\/uploads\/2024\/01\/211030_Krskocara_040-601x400.jpg 601w, https:\/\/www.skrateljc.org\/wp-content\/uploads\/2024\/01\/211030_Krskocara_040-1202x800.jpg 1202w, https:\/\/www.skrateljc.org\/wp-content\/uploads\/2024\/01\/211030_Krskocara_040-1536x1022.jpg 1536w, https:\/\/www.skrateljc.org\/wp-content\/uploads\/2024\/01\/211030_Krskocara_040-2048x1363.jpg 2048w, https:\/\/www.skrateljc.org\/wp-content\/uploads\/2024\/01\/211030_Krskocara_040-18x12.jpg 18w\" sizes=\"auto, (max-width: 768px) 100vw, 768px\" \/>\t\t\t\t\t\t\n\t\t\t\t\t<\/div>\n\t\t\t\t\t\t\t\t\n<style>\n#image_1501067103 {\n  width: 100%;\n}\n<\/style>\n\t<\/div>\n\t\n\t\t<\/div>\n\t\t\t\t\t<\/div>\n\n\t\n\n\t<div id=\"col-1415498376\" class=\"col medium-4 small-12 large-4\"  >\n\t\t\t\t<div class=\"col-inner\"  >\n\t\t\t\n\t\t\t\n<blockquote>\n<p>Pripovedovalka Maja \u010cabraja vas lahko popelje v naslednja pravlji\u010dna do\u017eivetja: Izgubljeni slamnik (Pravlji\u010dni \u0160umberk), \u010carovni\u0161ka \u0161ola Kr\u0161ko\u010dara in Mali plac<br \/>\nTrajanje: 30 minut oz 45 min z ustvarjalno delavnico<\/p>\n<p>Cena: 150 EUR brez DDV<\/p>\n<\/blockquote>\n\t\t<\/div>\n\t\t\t\t\t<\/div>\n\n\t\n<\/div>\n\t<div id=\"gap-429154172\" class=\"gap-element clearfix\" style=\"display:block; height:auto;\">\n\t\t\n<style>\n#gap-429154172 {\n  padding-top: 30px;\n}\n<\/style>\n\t<\/div>\n\t\n\n\t<section class=\"section\" id=\"section_39051888\">\n\t\t<div class=\"section-bg fill\" >\n\t\t\t\t\t\t\t\t\t\n\t\t\t\n\n\t\t<\/div>\n\n\t\t\n\n\t\t<div class=\"section-content relative\">\n\t\t\t\n<div class=\"row align-middle align-center\"  id=\"row-2067921021\">\n\n\t<div id=\"col-1240155223\" class=\"col small-12 large-12\"  >\n\t\t\t\t<div class=\"col-inner\"  >\n\t\t\t\n\t\t\t\n<h1><\/h1>\n<h1 style=\"text-align: center;\"><span style=\"color: #ffffff; font-size: 160%; padding-bottom: 10px;\">GLASBENE PRAVLJICE<\/span><\/h1>\n\t\t<\/div>\n\t\t\t\t\t<\/div>\n\n\t\n<\/div>\n\t\t<\/div>\n\n\t\t\n<style>\n#section_39051888 {\n  padding-top: 17px;\n  padding-bottom: 17px;\n  background-color: rgb(189, 154, 122);\n}\n<\/style>\n\t<\/section>\n\t\n<div class=\"row\"  id=\"row-346999572\">\n\n\t<div id=\"col-1645278037\" class=\"col small-12 large-12\"  >\n\t\t\t\t<div class=\"col-inner\"  >\n\t\t\t\n\t\t\t\n<p style=\"text-align: center;\"><span style=\"font-size: 105%;\"><b><i>Za pred\u0161olske otroke in u\u010dence 1. triade O\u0160\u00a0smo pripravili uglasbljene zgodbe pravlji\u010dno-do\u017eivljajskih poti, ki vam jih predstavljamo v nadaljevanju. Izdane so na dveh zgo\u0161\u010denkah, izvajamo pa jih tudi kot predstave v vrtcih in \u0161olah. Otroci preko zvokov, glasov, melodij in do\u017eivetega pripovedovanja spoznavajo skrivnosti slovenskih krajev, pokrajin in ljudi.\u00a0<\/i><\/b><\/span><\/p>\n\t\t<\/div>\n\t\t\t\t\t<\/div>\n\n\t\n<\/div>\n<div class=\"row\"  id=\"row-854843934\">\n\n\t<div id=\"col-1498154457\" class=\"col medium-8 small-12 large-8\"  >\n\t\t\t\t<div class=\"col-inner\"  >\n\t\t\t\n\t\t\t\n<h1 style=\"text-align: center; padding-bottom: 30px;\"><span style=\"color: #8a916c; font-size: 160%;\">Il Carso dei Folletti<\/span><\/h1>\n<h4><b><i>Nastopajo: Nina Pe\u010de Grilc, Ana Kravanja in Samo Kutin, trajanje 30 minut<\/i><\/b><\/h4>\n<p><i><span style=\"font-weight: 400;\">Kaj le so u\u0161pi\u010dili nagajivi \u0161kratje s Krasa! Nekaj je narobe z burjo, s kra\u0161kim kamnom in s pisanim rujem! In zato Kras ni ve\u010d tak\u0161en, kot bi moral biti. \u0160e sre\u010da, da so tu navihani otroci s Krasa, ki se ne ustra\u0161ijo \u0161kratjih \u0161kratolov\u0161\u010din in re\u0161ijo Kras \u0161kratjega uroka. Pa pazite se kra\u0161kih \u0161kratov, \u010disto ni\u010d prijazni niso!\u00a0<\/span><\/i><\/p>\n<p><span style=\"font-weight: 400;\">Glasbena\u00a0pravljica <\/span><a href=\"https:\/\/www.skrateljc.org\/it\/prodotto-2\/skratje-s-krasa\/\"><b>\u0160kratje s Krasa<\/b><\/a><span style=\"font-weight: 400;\"> je nastala po slikanici Uro\u0161a Grilca in ilustratorja Zvonka \u010coha. Glasbenika Ana Kravanja in Samo Kutin ter pripovedovalka Nina Pe\u010de Grilc vas popeljejo v zvoke in barve Krasa ter vam razkrijejo \u0161tevilne njegove skrivnosti. Otroci so tako pripravljeni na dogodiv\u0161\u010dino v naravi \u2013 <\/span><a href=\"https:\/\/www.skrateljc.org\/it\/skratji-kras\/\"><b>Il Carso dei Folletti<\/b><\/a><span style=\"font-weight: 400;\"> v \u0160tanjelu je malo pravlji\u010dni in malo resni\u010dni \u010dudoviti svet kamna, burje in ruja.<\/span><\/p>\n\t\t<\/div>\n\t\t\t\t\t<\/div>\n\n\t\n\n\t<div id=\"col-39312164\" class=\"col medium-4 small-12 large-4\"  >\n\t\t\t\t<div class=\"col-inner\"  >\n\t\t\t\n\t\t\t\n\t<div class=\"img has-hover x md-x lg-x y md-y lg-y\" id=\"image_827643158\">\n\t\t\t\t\t\t\t\t<div class=\"img-inner dark\" >\n\t\t\t<img loading=\"lazy\" decoding=\"async\" width=\"1020\" height=\"680\" src=\"https:\/\/www.skrateljc.org\/wp-content\/uploads\/2022\/02\/Skratji-Kras-pravljicaweb.jpg\" class=\"attachment-large size-large\" alt=\"\u0160kratji Kras pravlji\u010dno-do\u017eivljajska transverzala \u0160krateljc\" srcset=\"https:\/\/www.skrateljc.org\/wp-content\/uploads\/2022\/02\/Skratji-Kras-pravljicaweb.jpg 1200w, https:\/\/www.skrateljc.org\/wp-content\/uploads\/2022\/02\/Skratji-Kras-pravljicaweb-350x233.jpg 350w, https:\/\/www.skrateljc.org\/wp-content\/uploads\/2022\/02\/Skratji-Kras-pravljicaweb-600x400.jpg 600w, https:\/\/www.skrateljc.org\/wp-content\/uploads\/2022\/02\/Skratji-Kras-pravljicaweb-768x512.jpg 768w, https:\/\/www.skrateljc.org\/wp-content\/uploads\/2022\/02\/Skratji-Kras-pravljicaweb-510x340.jpg 510w\" sizes=\"auto, (max-width: 1020px) 100vw, 1020px\" \/>\t\t\t\t\t\t\n\t\t\t\t\t<\/div>\n\t\t\t\t\t\t\t\t\n<style>\n#image_827643158 {\n  width: 100%;\n}\n<\/style>\n\t<\/div>\n\t\n\t\t<\/div>\n\t\t\t\t\t<\/div>\n\n\t\n<\/div>\n<div class=\"row\"  id=\"row-195515564\">\n\n\t<div id=\"col-1023859687\" class=\"col medium-8 small-12 large-8\"  >\n\t\t\t\t<div class=\"col-inner\"  >\n\t\t\t\n\t\t\t\n<h1 style=\"text-align: center; padding-bottom: 30px;\"><span style=\"color: #8a916c; font-size: 160%;\">\u010carovni\u0161ka \u0161ola Kr\u0161ko\u010dara<br \/>\n<\/span><\/h1>\n<h4><b><i>Nastopajo: Nina Pe\u010de Grilc, Ana Kravanja in Samo Kutin, trajanje 30 minut<\/i><\/b><\/h4>\n<p><i><span style=\"font-weight: 400;\">Adam, Jurij, Val in Veronika so \u0161tirje prijatelji, ki se u\u010dijo in urijo za \u010darovnike. A \u017ee prvi dan \u0161ole jih \u010daka velika preizku\u0161nja, saj je njihovo \u0161olo zadel tristoletni urok. \u010ciri-copra-\u010dara, kr\u0161ko-\u010dara-mara! Samo ena stvar premaga urok Kr\u0161ko\u010dare: skrbno zacopran in s \u0161\u010depcem skrivnosti za\u0161iljen \u010darobni zvarek!\u00a0 \u00a0<\/span><\/i><\/p>\n<p><span style=\"font-weight: 400;\">Glasbena\u00a0pravljica <\/span><a href=\"https:\/\/www.skrateljc.org\/it\/prodotto-2\/slikanica-carovniska-sola-krskocara\/\"><b>\u010carovni\u0161ka \u0161ola Kr\u0161ko\u010dara<\/b><\/a><span style=\"font-weight: 400;\"> je nastala po slikanici Uro\u0161a Grilca in ilustratorja Jureta Engelsbergerja. Zvo\u010dno \u010darovni\u0161ko popotovanje skozi skrivnostni pragozd in svet \u010darovni\u0161kih dogodiv\u0161\u010din vam pri\u010darajo glasbenika Ana Kravanja in Samo Kutin ter pripovedovalka Nina Pe\u010de Grilc. Glasbena pravljica otroke pripravi na pravlji\u010dno do\u017eivetje <\/span><a href=\"https:\/\/www.skrateljc.org\/it\/krskocara\/\"><b>Kr\u0161ko\u010dara<\/b><\/a><span style=\"font-weight: 400;\"> v Kr\u0161kem, kjer u\u010dence \u010darovni\u0161ke \u0161ole v naravi \u010dakajo razli\u010dne preizku\u0161nje.<\/span><\/p>\n\t\t<\/div>\n\t\t\t\t\t<\/div>\n\n\t\n\n\t<div id=\"col-1144447831\" class=\"col medium-4 small-12 large-4\"  >\n\t\t\t\t<div class=\"col-inner\"  >\n\t\t\t\n\t\t\t\n\t<div class=\"img has-hover x md-x lg-x y md-y lg-y\" id=\"image_1398777814\">\n\t\t\t\t\t\t\t\t<div class=\"img-inner dark\" >\n\t\t\t<img loading=\"lazy\" decoding=\"async\" width=\"1020\" height=\"678\" src=\"https:\/\/www.skrateljc.org\/wp-content\/uploads\/2022\/02\/Krskocara-pravljicaweb.jpg\" class=\"attachment-large size-large\" alt=\"Glasbena pravljica Pravlji\u010dno-do\u017eivljajska trasnsverzala \u0160krateljc\" srcset=\"https:\/\/www.skrateljc.org\/wp-content\/uploads\/2022\/02\/Krskocara-pravljicaweb.jpg 1200w, https:\/\/www.skrateljc.org\/wp-content\/uploads\/2022\/02\/Krskocara-pravljicaweb-350x233.jpg 350w, https:\/\/www.skrateljc.org\/wp-content\/uploads\/2022\/02\/Krskocara-pravljicaweb-602x400.jpg 602w, https:\/\/www.skrateljc.org\/wp-content\/uploads\/2022\/02\/Krskocara-pravljicaweb-768x511.jpg 768w, https:\/\/www.skrateljc.org\/wp-content\/uploads\/2022\/02\/Krskocara-pravljicaweb-510x339.jpg 510w\" sizes=\"auto, (max-width: 1020px) 100vw, 1020px\" \/>\t\t\t\t\t\t\n\t\t\t\t\t<\/div>\n\t\t\t\t\t\t\t\t\n<style>\n#image_1398777814 {\n  width: 100%;\n}\n<\/style>\n\t<\/div>\n\t\n\t\t<\/div>\n\t\t\t\t\t<\/div>\n\n\t\n<\/div>\n<div class=\"row\"  id=\"row-1149232176\">\n\n\t<div id=\"col-1933795451\" class=\"col medium-8 small-12 large-8\"  >\n\t\t\t\t<div class=\"col-inner\"  >\n\t\t\t\n\t\t\t\n<h1 style=\"text-align: center; padding-bottom: 30px;\"><span style=\"color: #8a916c; font-size: 160%;\">Mali plac<br \/>\n<\/span><\/h1>\n<h4><b><i>Nastopajo: Nina Pe\u010de Grilc, Ana Kravanja in Samo Kutin, trajanje 30 minut<\/i><\/b><\/h4>\n<p><i><span style=\"font-weight: 400;\">Mali plac je \u010darobno lep kraj in prijazen dom \u0161tevilnih mo\u010dvirskih \u017eivali. Toda \u0161kratji urok z Malega placa pre\u017eene vse mo\u010dvirske \u017eivali. Le \u017eelva zbere dovolj poguma, da se soo\u010di s \u0161kratjo nadlogo. V tema\u010dnem \u0161kratjem gozdu jo \u010dakajo tri zahtevne \u0161kratje uganke, saj \u0161kratje od vsega najraje spra\u0161ujejo zagonetne re\u010di. A \u017eelva ve, da si tisti, ki re\u0161i \u0161kratovo uganko, pribori naklonjenost teh malih hudob. Bo \u017eelvi uspelo najti re\u0161itev in pregnati \u0161kratji urok? Bo Mali plac spet postal prijazen dom mnogoterih mo\u010dvirskih bitij?<\/span><\/i><\/p>\n<p><a href=\"https:\/\/www.skrateljc.org\/it\/prodotto-2\/mali-plac\/\"><b>Mali plac<\/b><\/a><span style=\"font-weight: 400;\"> je zgodba Uro\u0161a Grilca in ilustratorja Gorazda Vahna z mo\u010dnim ekolo\u0161kim sporo\u010dilom o tem, kako pomembno je ohranjanje ravnote\u017eja v naravi in skrbi za naravno okolje. Ob glasbi Ane Kravanja in Sama Kutina ter pripovedovanju Nine Pe\u010de Grilc otroci zgodbo in njeno sporo\u010dilo \u010dustveno dojemajo skozi razli\u010dne naravne zvoke, ki se prelivajo v bolj abstraktne pravlji\u010dne \u0161kratovske melodije in \u0161ume. Zgodba tako ustvari posebno zvo\u010dno okolje, ki nas prestavi v mo\u010dvirski svet, ter otroke pripravi za do\u017eivetja na <\/span><a href=\"https:\/\/www.skrateljc.org\/it\/pot-mocvirskih-skratov-na-mali-plac\/\"><b>Poti mo\u010dvirskih \u0161kratov na Mali Plac <\/b><\/a><span style=\"font-weight: 400;\">na Ljubljanskem barju.<\/span><\/p>\n\t\t<\/div>\n\t\t\t\t\t<\/div>\n\n\t\n\n\t<div id=\"col-1902029471\" class=\"col medium-4 small-12 large-4\"  >\n\t\t\t\t<div class=\"col-inner\"  >\n\t\t\t\n\t\t\t\n\t<div class=\"img has-hover x md-x lg-x y md-y lg-y\" id=\"image_1978029960\">\n\t\t\t\t\t\t\t\t<div class=\"img-inner dark\" >\n\t\t\t<img loading=\"lazy\" decoding=\"async\" width=\"1020\" height=\"679\" src=\"https:\/\/www.skrateljc.org\/wp-content\/uploads\/2022\/02\/Mali-plac-pravljicaweb.jpg\" class=\"attachment-large size-large\" alt=\"Pot mo\u010dvirskih \u0161kratov na Mali plac pravlji\u010dno-do\u017eivljajska pot \u0160krateljc glasbena pravljica\" srcset=\"https:\/\/www.skrateljc.org\/wp-content\/uploads\/2022\/02\/Mali-plac-pravljicaweb.jpg 1200w, https:\/\/www.skrateljc.org\/wp-content\/uploads\/2022\/02\/Mali-plac-pravljicaweb-350x233.jpg 350w, https:\/\/www.skrateljc.org\/wp-content\/uploads\/2022\/02\/Mali-plac-pravljicaweb-601x400.jpg 601w, https:\/\/www.skrateljc.org\/wp-content\/uploads\/2022\/02\/Mali-plac-pravljicaweb-768x511.jpg 768w, https:\/\/www.skrateljc.org\/wp-content\/uploads\/2022\/02\/Mali-plac-pravljicaweb-510x340.jpg 510w\" sizes=\"auto, (max-width: 1020px) 100vw, 1020px\" \/>\t\t\t\t\t\t\n\t\t\t\t\t<\/div>\n\t\t\t\t\t\t\t\t\n<style>\n#image_1978029960 {\n  width: 100%;\n}\n<\/style>\n\t<\/div>\n\t\n\t\t<\/div>\n\t\t\t\t\t<\/div>\n\n\t\n<\/div>\n<div class=\"row\"  id=\"row-230116357\">\n\n\t<div id=\"col-130094820\" class=\"col medium-8 small-12 large-8\"  >\n\t\t\t\t<div class=\"col-inner\"  >\n\t\t\t\n\t\t\t\n<h1 style=\"text-align: center; padding-bottom: 30px;\"><span style=\"color: #8a916c; font-size: 160%;\">Zaklad poklju\u0161kih \u0161kratov<br \/>\n<\/span><\/h1>\n<h4><b><i>Nastopata: \u017diga X Gomba\u010d &amp; Albert Camlek, trajanje 30 minut<br \/>\n<\/i><\/b><\/h4>\n<p><em>\u0160krat Jur\u010dek je mlad \u0161krat s Pokljuke, ki pa ga pesti velikanska te\u017eava. \u017deli si namre\u010d postati odrasel \u0161krat, kar pa v \u0161kratjem svetu nikakor ni preprosto. Opraviti mora na videz nere\u0161ljiv izziv, ki so mu ga nalo\u017eili starej\u0161i \u0161kratje. Mu ga bo uspelo re\u0161iti?<\/em><\/p>\n<p>Zabavna glasbena pravljica <a href=\"https:\/\/www.skrateljc.org\/it\/prodotto-2\/zaklad-pokljuskih-skratov\/\">Zaklad poklju\u0161kih \u0161kratov<\/a> je nastala po istoimenski slikanici \u017dige X Gomba\u010da in ilustratorja Gorazda Vahna. Pripovedovalec \u017diga X Gomba\u010d in glasbenik Albert Camlek pripravita iskrivo, pou\u010dno in \u017eivopisno pripoved, pre\u017eeto z zabavnimi songi in spoznavanjem osnovnih \u0161tevil. Otroci spoznajo, kako pomembno je imeti dobre prijatelje, zakaj je vedno dobro biti prijazen in spo\u0161tljiv ter zakaj so planinski orli najbolj navihane \u017eivali dale\u010d naokoli.<\/p>\n\t\t<\/div>\n\t\t\t\t\t<\/div>\n\n\t\n\n\t<div id=\"col-312327052\" class=\"col medium-4 small-12 large-4\"  >\n\t\t\t\t<div class=\"col-inner\"  >\n\t\t\t\n\t\t\t\n\t<div class=\"img has-hover x md-x lg-x y md-y lg-y\" id=\"image_676026986\">\n\t\t\t\t\t\t\t\t<div class=\"img-inner dark\" >\n\t\t\t<img loading=\"lazy\" decoding=\"async\" width=\"1020\" height=\"680\" src=\"https:\/\/www.skrateljc.org\/wp-content\/uploads\/2022\/02\/Pokljuka-pravljicaweb.jpg\" class=\"attachment-large size-large\" alt=\"Zaklad poklju\u0161kih \u0161kratov \u017diga X. Gomba\u010d \u0160krateljc slikanice\" srcset=\"https:\/\/www.skrateljc.org\/wp-content\/uploads\/2022\/02\/Pokljuka-pravljicaweb.jpg 1200w, https:\/\/www.skrateljc.org\/wp-content\/uploads\/2022\/02\/Pokljuka-pravljicaweb-350x233.jpg 350w, https:\/\/www.skrateljc.org\/wp-content\/uploads\/2022\/02\/Pokljuka-pravljicaweb-600x400.jpg 600w, https:\/\/www.skrateljc.org\/wp-content\/uploads\/2022\/02\/Pokljuka-pravljicaweb-768x512.jpg 768w, https:\/\/www.skrateljc.org\/wp-content\/uploads\/2022\/02\/Pokljuka-pravljicaweb-510x340.jpg 510w\" sizes=\"auto, (max-width: 1020px) 100vw, 1020px\" \/>\t\t\t\t\t\t\n\t\t\t\t\t<\/div>\n\t\t\t\t\t\t\t\t\n<style>\n#image_676026986 {\n  width: 100%;\n}\n<\/style>\n\t<\/div>\n\t\n\t\t<\/div>\n\t\t\t\t\t<\/div>\n\n\t\n<\/div>\n<div class=\"row\"  id=\"row-186799963\">\n\n\t<div id=\"col-1066125792\" class=\"col medium-8 small-12 large-8\"  >\n\t\t\t\t<div class=\"col-inner\"  >\n\t\t\t\n\t\t\t\n<h1 style=\"text-align: center; padding-bottom: 30px;\"><span style=\"color: #8a916c; font-size: 160%;\">Polh rogovile\u017e<br \/>\n<\/span><\/h1>\n<h4><b><i>Nastopajo: Nina Pe\u010de Grilc, Ana Kravanja in Samo Kutin, trajanje 30 minut<\/i><\/b><\/h4>\n<p><i><span style=\"font-weight: 400;\">Glasbena pravljica Polh rogovile\u017e otroke skozi zgodbo popelje po razko\u0161ni zvo\u010dni krajini. Polh rogovile\u017e namre\u010d biva na podstre\u0161ju gradu, a ker prireja bu\u010dne rogovilske zabave, ga grofje pre\u017eenejo, zato si mora poiskati nov dom. In preizku\u0161a, ali bi lahko bival pri \u010debelah, pri jazbecu, \u010dukih, a povsod gre nekaj hudo narobe. Na koncu najde staro bukev, v kateri biva pol\u0161ja dru\u017eina in tam si polh ustvari nov dom.\u00a0<\/span><\/i><\/p>\n<p><span style=\"font-weight: 400;\">Polh rogovile\u017e je nastal po <a href=\"https:\/\/www.skrateljc.org\/it\/prodotto-2\/polh-rogovilez\/\">slikanici<\/a> Uro\u0161a Grilca in ilustratorke Ma\u0161e Kozjek. Z glasbeno pravljico se najprej sprehodimo skozi \u00bbgrajske zvoke\u00ab, nato spoznamo rogoviljenje glasnega polha, potem pa z razli\u010dnimi in\u0161trumenti ustvarjamo zvoke, ki jih sli\u0161imo v gozdu. Glasbena pravljica bo otroke spodbudila, da se odpravijo v <\/span><a href=\"https:\/\/www.skrateljc.org\/it\/polhov-dozivljajski-park\/\"><b>Parco di esperienza del Ghiro<\/b><\/a><span style=\"font-weight: 400;\"> in pomagajo polhu najti nov dom!\u00a0<\/span><\/p>\n\t\t<\/div>\n\t\t\t\t\t<\/div>\n\n\t\n\n\t<div id=\"col-2030297678\" class=\"col medium-4 small-12 large-4\"  >\n\t\t\t\t<div class=\"col-inner\"  >\n\t\t\t\n\t\t\t\n\t<div class=\"img has-hover x md-x lg-x y md-y lg-y\" id=\"image_1199314500\">\n\t\t\t\t\t\t\t\t<div class=\"img-inner dark\" >\n\t\t\t<img loading=\"lazy\" decoding=\"async\" width=\"1020\" height=\"681\" src=\"https:\/\/www.skrateljc.org\/wp-content\/uploads\/2022\/02\/Polh-pravljicaweb.jpg\" class=\"attachment-large size-large\" alt=\"Polhov do\u017eivljajski park pravlji\u010dno-do\u017eivljajska pot \u0160krateljc\" srcset=\"https:\/\/www.skrateljc.org\/wp-content\/uploads\/2022\/02\/Polh-pravljicaweb.jpg 1200w, https:\/\/www.skrateljc.org\/wp-content\/uploads\/2022\/02\/Polh-pravljicaweb-350x234.jpg 350w, https:\/\/www.skrateljc.org\/wp-content\/uploads\/2022\/02\/Polh-pravljicaweb-599x400.jpg 599w, https:\/\/www.skrateljc.org\/wp-content\/uploads\/2022\/02\/Polh-pravljicaweb-768x513.jpg 768w, https:\/\/www.skrateljc.org\/wp-content\/uploads\/2022\/02\/Polh-pravljicaweb-510x340.jpg 510w\" sizes=\"auto, (max-width: 1020px) 100vw, 1020px\" \/>\t\t\t\t\t\t\n\t\t\t\t\t<\/div>\n\t\t\t\t\t\t\t\t\n<style>\n#image_1199314500 {\n  width: 100%;\n}\n<\/style>\n\t<\/div>\n\t\n\t\t<\/div>\n\t\t\t\t\t<\/div>\n\n\t\n<\/div>\n<p style=\"text-align: center;\"><em>Cena glasbene pravljice je 500 \u20ac brez DDV<\/em><br \/>\n<em>Trajanje programa: 30 min oz 45 min z glasbeno delavnico<\/em><\/p>\n<div class=\"row\"  id=\"row-1032810091\">\n\n\t<div id=\"col-1399327142\" class=\"col medium-3 small-12 large-3\"  >\n\t\t\t\t<div class=\"col-inner\"  >\n\t\t\t\n\t\t\t\n\t\t<\/div>\n\t\t\t\t\t<\/div>\n\n\t\n\n\t<div id=\"col-354959579\" class=\"col medium-6 small-12 large-6\"  >\n\t\t\t\t<div class=\"col-inner\"  >\n\t\t\t\n\t\t\t\n<h2 style=\"text-align: center;\"><span style=\"color: #808000; font-size: 110%;\">GLASBENE PRAVLJICE IMAMO TUDI NA CD ZGO\u0160\u010cENKI!<\/span><\/h2>\n<div class=\"woocommerce columns-2\"><div class=\"products row row-small large-columns-2 medium-columns-3 small-columns-2 has-equal-box-heights equalize-box\">\n<div class=\"product-small col has-hover product type-product post-804 status-publish first instock product_cat-dozivetja-v-naravi product_cat-ostalo has-post-thumbnail shipping-taxable purchasable product-type-simple\">\n\t<div class=\"col-inner\">\n\t\n<div class=\"badge-container absolute left top z-1\">\n\n<\/div>\n\t<div class=\"product-small box\">\n\t\t<div class=\"box-image\">\n\t\t\t<div class=\"image-fade_in_back\">\n\t\t\t\t<a href=\"https:\/\/www.skrateljc.org\/it\/izdelek\/dve-skratji-in-ena-polsja\/\">\n\t\t\t\t\t<img loading=\"lazy\" decoding=\"async\" width=\"200\" height=\"240\" src=\"https:\/\/www.skrateljc.org\/wp-content\/uploads\/2022\/01\/2skratjiCD-200x240.jpg\" class=\"attachment-woocommerce_thumbnail size-woocommerce_thumbnail\" alt=\"\u0160krateljc Pravlji\u010dne poti Slikanice CD\" srcset=\"https:\/\/www.skrateljc.org\/wp-content\/uploads\/2022\/01\/2skratjiCD-200x240.jpg 200w, https:\/\/www.skrateljc.org\/wp-content\/uploads\/2022\/01\/2skratjiCD-247x296.jpg 247w\" sizes=\"auto, (max-width: 200px) 100vw, 200px\" \/>\t\t\t\t<\/a>\n\t\t\t<\/div>\n\t\t\t<div class=\"image-tools is-small top right show-on-hover\">\n\t\t\t\t\t\t\t<\/div>\n\t\t\t<div class=\"image-tools is-small hide-for-small bottom left show-on-hover\">\n\t\t\t\t\t\t\t<\/div>\n\t\t\t<div class=\"image-tools grid-tools text-center hide-for-small bottom hover-slide-in show-on-hover\">\n\t\t\t\t\t\t\t<\/div>\n\t\t\t\t\t<\/div>\n\n\t\t<div class=\"box-text box-text-products\">\n\t\t\t<div class=\"title-wrapper\"><p class=\"name product-title woocommerce-loop-product__title\"><a href=\"https:\/\/www.skrateljc.org\/it\/izdelek\/dve-skratji-in-ena-polsja\/\" class=\"woocommerce-LoopProduct-link woocommerce-loop-product__link\">Dve \u0161kratji in ena pol\u0161ja (CD)<\/a><\/p><\/div><div class=\"price-wrapper\">\n\t<span class=\"price\"><span class=\"woocommerce-Price-amount amount\"><bdi>15,00&nbsp;<span class=\"woocommerce-Price-currencySymbol\">&euro;<\/span><\/bdi><\/span><\/span>\n<\/div><div class=\"add-to-cart-button\"><a href=\"\/it\/wp-json\/wp\/v2\/pages\/7676?add-to-cart=804\" aria-describedby=\"woocommerce_loop_add_to_cart_link_describedby_804\" data-quantity=\"1\" class=\"primary is-small mb-0 button product_type_simple add_to_cart_button ajax_add_to_cart is-flat\" data-product_id=\"804\" data-product_sku=\"\" aria-label=\"Aggiungi al carrello: &quot;Dve \u0161kratji in ena pol\u0161ja (CD)&quot;\" rel=\"nofollow\" data-success_message=\"&quot;Dve \u0161kratji in ena pol\u0161ja (CD)&quot; \u00e8 stato aggiunto al tuo carrello.\" role=\"button\" data-no-translation=\"\" data-trp-gettext=\"\" data-no-translation-aria-label=\"\" data-no-translation-data-success_message=\"\">Aggiungi al carrello<\/a><\/div>\t<span id=\"woocommerce_loop_add_to_cart_link_describedby_804\" class=\"screen-reader-text\">\n\t\t\t<\/span>\n\t\t<\/div>\n\t<\/div>\n\t\t<\/div>\n<\/div><div class=\"product-small col has-hover product type-product post-5928 status-publish last instock product_cat-dozivetja-v-naravi product_cat-ostalo has-post-thumbnail shipping-taxable purchasable product-type-simple\">\n\t<div class=\"col-inner\">\n\t\n<div class=\"badge-container absolute left top z-1\">\n\n<\/div>\n\t<div class=\"product-small box\">\n\t\t<div class=\"box-image\">\n\t\t\t<div class=\"image-fade_in_back\">\n\t\t\t\t<a href=\"https:\/\/www.skrateljc.org\/it\/izdelek\/tri-skratje-in-ena-carovniska\/\">\n\t\t\t\t\t<img loading=\"lazy\" decoding=\"async\" width=\"200\" height=\"240\" src=\"https:\/\/www.skrateljc.org\/wp-content\/uploads\/2022\/01\/3skratjeCD-200x240.jpg\" class=\"attachment-woocommerce_thumbnail size-woocommerce_thumbnail\" alt=\"\u0160krateljc Pravlji\u010dne poti Slikanice CD\" srcset=\"https:\/\/www.skrateljc.org\/wp-content\/uploads\/2022\/01\/3skratjeCD-200x240.jpg 200w, https:\/\/www.skrateljc.org\/wp-content\/uploads\/2022\/01\/3skratjeCD-247x296.jpg 247w\" sizes=\"auto, (max-width: 200px) 100vw, 200px\" \/>\t\t\t\t<\/a>\n\t\t\t<\/div>\n\t\t\t<div class=\"image-tools is-small top right show-on-hover\">\n\t\t\t\t\t\t\t<\/div>\n\t\t\t<div class=\"image-tools is-small hide-for-small bottom left show-on-hover\">\n\t\t\t\t\t\t\t<\/div>\n\t\t\t<div class=\"image-tools grid-tools text-center hide-for-small bottom hover-slide-in show-on-hover\">\n\t\t\t\t\t\t\t<\/div>\n\t\t\t\t\t<\/div>\n\n\t\t<div class=\"box-text box-text-products\">\n\t\t\t<div class=\"title-wrapper\"><p class=\"name product-title woocommerce-loop-product__title\"><a href=\"https:\/\/www.skrateljc.org\/it\/izdelek\/tri-skratje-in-ena-carovniska\/\" class=\"woocommerce-LoopProduct-link woocommerce-loop-product__link\">Tri \u0161kratje in ena \u010darovni\u0161ka (CD)<\/a><\/p><\/div><div class=\"price-wrapper\">\n\t<span class=\"price\"><span class=\"woocommerce-Price-amount amount\"><bdi>15,00&nbsp;<span class=\"woocommerce-Price-currencySymbol\">&euro;<\/span><\/bdi><\/span><\/span>\n<\/div><div class=\"add-to-cart-button\"><a href=\"\/it\/wp-json\/wp\/v2\/pages\/7676?add-to-cart=5928\" aria-describedby=\"woocommerce_loop_add_to_cart_link_describedby_5928\" data-quantity=\"1\" class=\"primary is-small mb-0 button product_type_simple add_to_cart_button ajax_add_to_cart is-flat\" data-product_id=\"5928\" data-product_sku=\"\" aria-label=\"Aggiungi al carrello: &quot;Tri \u0161kratje in ena \u010darovni\u0161ka (CD)&quot;\" rel=\"nofollow\" data-success_message=\"&quot;Tri \u0161kratje in ena \u010darovni\u0161ka (CD)&quot; \u00e8 stato aggiunto al tuo carrello.\" role=\"button\" data-no-translation=\"\" data-trp-gettext=\"\" data-no-translation-aria-label=\"\" data-no-translation-data-success_message=\"\">Aggiungi al carrello<\/a><\/div>\t<span id=\"woocommerce_loop_add_to_cart_link_describedby_5928\" class=\"screen-reader-text\">\n\t\t\t<\/span>\n\t\t<\/div>\n\t<\/div>\n\t\t<\/div>\n<\/div><\/div><!-- row -->\n<\/div>\n\t\t<\/div>\n\t\t\t\t\t<\/div>\n\n\t\n\n\t<div id=\"col-757173891\" class=\"col medium-3 small-12 large-3\"  >\n\t\t\t\t<div class=\"col-inner\"  >\n\t\t\t\n\t\t\t\n\t\t<\/div>\n\t\t\t\t\t<\/div>\n\n\t\n<\/div>\n\t<div id=\"gap-422871389\" class=\"gap-element clearfix\" style=\"display:block; height:auto;\">\n\t\t\n<style>\n#gap-422871389 {\n  padding-top: 30px;\n}\n<\/style>\n\t<\/div>\n\t\n<div class=\"row\"  id=\"row-1283783231\">\n\n\t<div id=\"col-1856960013\" class=\"col small-12 large-12\"  >\n\t\t\t\t<div class=\"col-inner\"  >\n\t\t\t\n\t\t\t\n<h3 style=\"text-align: center;\">Za dodatne informacije in rezervacijo termina pi\u0161ite na: <a href=\"mailto:ksenja@skrateljc.org\">ksenja@skrateljc.org<\/a> ali pokli\u010dite na \u0161tevilko <a href=\"tel:0038670409844\">070 409 844<\/a>.<\/h3>\n<h3 style=\"text-align: center;\">Z veseljem prisluhnemo tudi va\u0161im \u017eeljam!<\/h3>\n\t\t<\/div>\n\t\t\t\t\t<\/div>\n\n\t\n<\/div>\n\t<div id=\"gap-1425101696\" class=\"gap-element clearfix\" style=\"display:block; height:auto;\">\n\t\t\n<style>\n#gap-1425101696 {\n  padding-top: 30px;\n}\n<\/style>\n\t<\/div>\n\t\n\n\t<section class=\"section barva-cf7\" id=\"section_1001274386\">\n\t\t<div class=\"section-bg fill\" >\n\t\t\t<img loading=\"lazy\" decoding=\"async\" width=\"2560\" height=\"1615\" src=\"https:\/\/www.skrateljc.org\/wp-content\/uploads\/2021\/11\/13-14-min-scaled-1.jpg\" class=\"bg attachment- size-\" alt=\"\" \/>\t\t\t\t\t\t<div class=\"section-bg-overlay absolute fill\"><\/div>\n\t\t\t\n\n\t\t<\/div>\n\n\t\t\n\n\t\t<div class=\"section-content relative\">\n\t\t\t\n<div class=\"row row-full-width align-center\"  id=\"row-1995668321\">\n\n\t<div id=\"col-1710158829\" class=\"col medium-6 small-12 large-6\"  >\n\t\t\t\t<div class=\"col-inner\"  >\n\t\t\t\n\t\t\t\n<h1><span style=\"font-size: 130%; color: #ffffff;\">Stopite v kontakt z nami<\/span><\/h1>\n<p><span style=\"color: #ffffff;\">Za dodatne informacije in rezervacije nam pi\u0161ite na<span style=\"color: #c0c0c0;\"><a style=\"color: #c0c0c0;\" href=\"mailto:ksenja@skrateljc.org\"> ksenja@skrateljc.org<\/a> a<\/span>li pokli\u010dite na<span style=\"color: #999999;\"> <a style=\"color: #999999;\" href=\"http:\/\/+38670409844\">070 409 844.<\/a> <\/span>Z veseljem vam bomo pomagali!<\/span><\/p>\n\n<div class=\"wpcf7 no-js\" id=\"wpcf7-f7654-o1\" lang=\"sl-SI\" dir=\"ltr\" data-wpcf7-id=\"7654\">\n<div class=\"screen-reader-response\"><p role=\"status\" aria-live=\"polite\" aria-atomic=\"true\"><\/p> <ul><\/ul><\/div>\n<form action=\"\/it\/wp-json\/wp\/v2\/pages\/7676#wpcf7-f7654-o1\" method=\"post\" class=\"wpcf7-form init\" aria-label=\"Kontaktni obrazec\" novalidate=\"novalidate\" data-status=\"init\" data-trp-original-action=\"\/it\/wp-json\/wp\/v2\/pages\/7676#wpcf7-f7654-o1\">\n<fieldset class=\"hidden-fields-container\"><input type=\"hidden\" name=\"_wpcf7\" value=\"7654\" \/><input type=\"hidden\" name=\"_wpcf7_version\" value=\"6.1.5\" \/><input type=\"hidden\" name=\"_wpcf7_locale\" value=\"sl_SI\" \/><input type=\"hidden\" name=\"_wpcf7_unit_tag\" value=\"wpcf7-f7654-o1\" \/><input type=\"hidden\" name=\"_wpcf7_container_post\" value=\"0\" \/><input type=\"hidden\" name=\"_wpcf7_posted_data_hash\" value=\"\" \/>\n<\/fieldset>\n<div class=\"form-flat\">\n\t<p><span class=\"wpcf7-form-control-wrap\" data-name=\"your-name-contact\"><input size=\"40\" maxlength=\"400\" class=\"wpcf7-form-control wpcf7-text wpcf7-validates-as-required\" aria-required=\"true\" aria-invalid=\"false\" placeholder=\"Nome e cognome\" value=\"\" type=\"text\" name=\"your-name-contact\" \/><\/span>\n\t<\/p>\n\t<p><span class=\"wpcf7-form-control-wrap\" data-name=\"your-email-contact\"><input size=\"40\" maxlength=\"400\" class=\"wpcf7-form-control wpcf7-email wpcf7-validates-as-required wpcf7-text wpcf7-validates-as-email\" aria-required=\"true\" aria-invalid=\"false\" placeholder=\"Email\" value=\"\" type=\"email\" name=\"your-email-contact\" \/><\/span><br \/>\n<span class=\"wpcf7-form-control-wrap\" data-name=\"tel-758\"><input size=\"40\" maxlength=\"400\" class=\"wpcf7-form-control wpcf7-tel wpcf7-validates-as-required wpcf7-text wpcf7-validates-as-tel\" aria-required=\"true\" aria-invalid=\"false\" placeholder=\"Telefon\" value=\"\" type=\"tel\" name=\"tel-758\" \/><\/span><br \/>\n<span class=\"wpcf7-form-control-wrap\" data-name=\"your-message\"><textarea cols=\"40\" rows=\"10\" maxlength=\"2000\" class=\"wpcf7-form-control wpcf7-textarea\" aria-invalid=\"false\" placeholder=\"Sporo\u010dilo\" name=\"your-message\"><\/textarea><\/span><br \/>\n<span class=\"wpcf7-form-control-wrap\" data-name=\"select-728\"><select class=\"wpcf7-form-control wpcf7-select\" aria-invalid=\"false\" name=\"select-728\"><option value=\"Potrjujem prijavo na e-novice\">Potrjujem prijavo na e-novice<\/option><option value=\"Brez prijave na e-novice\">Brez prijave na e-novice<\/option><\/select><\/span>\n\t<\/p>\n\t<p><input class=\"wpcf7-form-control wpcf7-submit has-spinner button\" type=\"submit\" value=\"Po\u0161lji\" \/>\n\t<\/p>\n<\/div><div class=\"wpcf7-response-output\" aria-hidden=\"true\"><\/div>\n<input type=\"hidden\" name=\"trp-form-language\" value=\"it\"\/><\/form>\n<\/div>\n\n\t\t<\/div>\n\t\t\t\t\t<\/div>\n\n\t\n<\/div>\n\t\t<\/div>\n\n\t\t\n<style>\n#section_1001274386 {\n  padding-top: 30px;\n  padding-bottom: 30px;\n}\n#section_1001274386 .section-bg-overlay {\n  background-color: rgba(0,0,0,.5);\n}\n<\/style>\n\t<\/section>","protected":false},"excerpt":{"rendered":"<p>Cena glasbene pravljice je 500 \u20ac brez DDV Trajanje programa: 30 min oz 45 min z glasbeno delavnico<\/p>","protected":false},"author":2,"featured_media":0,"parent":0,"menu_order":0,"comment_status":"closed","ping_status":"closed","template":"page-blank.php","meta":{"inline_featured_image":false,"cybocfi_hide_featured_image":"","footnotes":""},"class_list":["post-7676","page","type-page","status-publish","hentry"],"yoast_head":"<!-- This site is optimized with the Yoast SEO Premium plugin v27.4 (Yoast SEO v27.4) - https:\/\/yoast.com\/product\/yoast-seo-premium-wordpress\/ -->\n<title>Prva triada | \u0160krateljc<\/title>\n<meta name=\"description\" content=\"Pred vami so pravlji\u010dno \u2013 do\u017eivljajski programi, ki spodbujajo h gibanju v naravi in spoznavanju pohodni\u0161tva, ter so namenjeni u\u010dencem 1. \u2013 3. razreda.\" \/>\n<meta name=\"robots\" content=\"noindex, follow\" \/>\n<meta property=\"og:locale\" content=\"it_IT\" \/>\n<meta property=\"og:type\" content=\"article\" \/>\n<meta property=\"og:title\" content=\"Prva triada\" \/>\n<meta property=\"og:description\" content=\"Pred vami so pravlji\u010dno \u2013 do\u017eivljajski programi, ki spodbujajo h gibanju v naravi in spoznavanju pohodni\u0161tva, ter so namenjeni u\u010dencem 1. \u2013 3. razreda.\" \/>\n<meta property=\"og:url\" content=\"https:\/\/www.skrateljc.org\/it\/prva-triada\/\" \/>\n<meta property=\"og:site_name\" content=\"\u0160krateljc\" \/>\n<meta property=\"article:publisher\" content=\"https:\/\/www.facebook.com\/skrateljc\" \/>\n<meta property=\"article:modified_time\" content=\"2025-06-24T12:07:32+00:00\" \/>\n<meta name=\"twitter:card\" content=\"summary_large_image\" \/>\n<meta name=\"twitter:label1\" content=\"Tempo di lettura stimato\" \/>\n\t<meta name=\"twitter:data1\" content=\"20 minuti\" \/>\n<script type=\"application\/ld+json\" class=\"yoast-schema-graph\">{\"@context\":\"https:\\\/\\\/schema.org\",\"@graph\":[{\"@type\":\"WebPage\",\"@id\":\"https:\\\/\\\/www.skrateljc.org\\\/prva-triada\\\/\",\"url\":\"https:\\\/\\\/www.skrateljc.org\\\/prva-triada\\\/\",\"name\":\"Prva triada | \u0160krateljc\",\"isPartOf\":{\"@id\":\"https:\\\/\\\/www.skrateljc.org\\\/#website\"},\"datePublished\":\"2022-02-23T10:58:23+00:00\",\"dateModified\":\"2025-06-24T12:07:32+00:00\",\"description\":\"Pred vami so pravlji\u010dno \u2013 do\u017eivljajski programi, ki spodbujajo h gibanju v naravi in spoznavanju pohodni\u0161tva, ter so namenjeni u\u010dencem 1. \u2013 3. razreda.\",\"breadcrumb\":{\"@id\":\"https:\\\/\\\/www.skrateljc.org\\\/prva-triada\\\/#breadcrumb\"},\"inLanguage\":\"it-IT\",\"potentialAction\":[{\"@type\":\"ReadAction\",\"target\":[\"https:\\\/\\\/www.skrateljc.org\\\/prva-triada\\\/\"]}]},{\"@type\":\"BreadcrumbList\",\"@id\":\"https:\\\/\\\/www.skrateljc.org\\\/prva-triada\\\/#breadcrumb\",\"itemListElement\":[{\"@type\":\"ListItem\",\"position\":1,\"name\":\"Domov\",\"item\":\"https:\\\/\\\/www.skrateljc.org\\\/\"},{\"@type\":\"ListItem\",\"position\":2,\"name\":\"Prva triada\"}]},{\"@type\":\"WebSite\",\"@id\":\"https:\\\/\\\/www.skrateljc.org\\\/#website\",\"url\":\"https:\\\/\\\/www.skrateljc.org\\\/\",\"name\":\"\u0160krateljc\",\"description\":\"- ustvarjamo do\u017eivetja\",\"publisher\":{\"@id\":\"https:\\\/\\\/www.skrateljc.org\\\/#organization\"},\"potentialAction\":[{\"@type\":\"SearchAction\",\"target\":{\"@type\":\"EntryPoint\",\"urlTemplate\":\"https:\\\/\\\/www.skrateljc.org\\\/?s={search_term_string}\"},\"query-input\":{\"@type\":\"PropertyValueSpecification\",\"valueRequired\":true,\"valueName\":\"search_term_string\"}}],\"inLanguage\":\"it-IT\"},{\"@type\":\"Organization\",\"@id\":\"https:\\\/\\\/www.skrateljc.org\\\/#organization\",\"name\":\"Zavod \u0160krateljc\",\"url\":\"https:\\\/\\\/www.skrateljc.org\\\/\",\"logo\":{\"@type\":\"ImageObject\",\"inLanguage\":\"it-IT\",\"@id\":\"https:\\\/\\\/www.skrateljc.org\\\/#\\\/schema\\\/logo\\\/image\\\/\",\"url\":\"https:\\\/\\\/www.skrateljc.org\\\/wp-content\\\/uploads\\\/2021\\\/11\\\/00_logo-skrateljc-COL.jpg\",\"contentUrl\":\"https:\\\/\\\/www.skrateljc.org\\\/wp-content\\\/uploads\\\/2021\\\/11\\\/00_logo-skrateljc-COL.jpg\",\"width\":1770,\"height\":471,\"caption\":\"Zavod \u0160krateljc\"},\"image\":{\"@id\":\"https:\\\/\\\/www.skrateljc.org\\\/#\\\/schema\\\/logo\\\/image\\\/\"},\"sameAs\":[\"https:\\\/\\\/www.facebook.com\\\/skrateljc\",\"https:\\\/\\\/www.youtube.com\\\/channel\\\/UCffLgYSmHefkqvSMHeoLSDg\",\"https:\\\/\\\/www.instagram.com\\\/zavodskrateljc\"]}]}<\/script>\n<!-- \/ Yoast SEO Premium plugin. -->","yoast_head_json":{"title":"Prva triada | \u0160krateljc","description":"Pred vami so pravlji\u010dno \u2013 do\u017eivljajski programi, ki spodbujajo h gibanju v naravi in spoznavanju pohodni\u0161tva, ter so namenjeni u\u010dencem 1. \u2013 3. razreda.","robots":{"index":"noindex","follow":"follow"},"og_locale":"it_IT","og_type":"article","og_title":"Prva triada","og_description":"Pred vami so pravlji\u010dno \u2013 do\u017eivljajski programi, ki spodbujajo h gibanju v naravi in spoznavanju pohodni\u0161tva, ter so namenjeni u\u010dencem 1. \u2013 3. razreda.","og_url":"https:\/\/www.skrateljc.org\/it\/prva-triada\/","og_site_name":"\u0160krateljc","article_publisher":"https:\/\/www.facebook.com\/skrateljc","article_modified_time":"2025-06-24T12:07:32+00:00","twitter_card":"summary_large_image","twitter_misc":{"Tempo di lettura stimato":"20 minuti"},"schema":{"@context":"https:\/\/schema.org","@graph":[{"@type":"WebPage","@id":"https:\/\/www.skrateljc.org\/prva-triada\/","url":"https:\/\/www.skrateljc.org\/prva-triada\/","name":"Prva triada | \u0160krateljc","isPartOf":{"@id":"https:\/\/www.skrateljc.org\/#website"},"datePublished":"2022-02-23T10:58:23+00:00","dateModified":"2025-06-24T12:07:32+00:00","description":"Pred vami so pravlji\u010dno \u2013 do\u017eivljajski programi, ki spodbujajo h gibanju v naravi in spoznavanju pohodni\u0161tva, ter so namenjeni u\u010dencem 1. \u2013 3. razreda.","breadcrumb":{"@id":"https:\/\/www.skrateljc.org\/prva-triada\/#breadcrumb"},"inLanguage":"it-IT","potentialAction":[{"@type":"ReadAction","target":["https:\/\/www.skrateljc.org\/prva-triada\/"]}]},{"@type":"BreadcrumbList","@id":"https:\/\/www.skrateljc.org\/prva-triada\/#breadcrumb","itemListElement":[{"@type":"ListItem","position":1,"name":"Domov","item":"https:\/\/www.skrateljc.org\/"},{"@type":"ListItem","position":2,"name":"Prva triada"}]},{"@type":"WebSite","@id":"https:\/\/www.skrateljc.org\/#website","url":"https:\/\/www.skrateljc.org\/","name":"\u0160krateljc","description":"- ustvarjamo do\u017eivetja","publisher":{"@id":"https:\/\/www.skrateljc.org\/#organization"},"potentialAction":[{"@type":"SearchAction","target":{"@type":"EntryPoint","urlTemplate":"https:\/\/www.skrateljc.org\/?s={search_term_string}"},"query-input":{"@type":"PropertyValueSpecification","valueRequired":true,"valueName":"search_term_string"}}],"inLanguage":"it-IT"},{"@type":"Organization","@id":"https:\/\/www.skrateljc.org\/#organization","name":"Zavod \u0160krateljc","url":"https:\/\/www.skrateljc.org\/","logo":{"@type":"ImageObject","inLanguage":"it-IT","@id":"https:\/\/www.skrateljc.org\/#\/schema\/logo\/image\/","url":"https:\/\/www.skrateljc.org\/wp-content\/uploads\/2021\/11\/00_logo-skrateljc-COL.jpg","contentUrl":"https:\/\/www.skrateljc.org\/wp-content\/uploads\/2021\/11\/00_logo-skrateljc-COL.jpg","width":1770,"height":471,"caption":"Zavod \u0160krateljc"},"image":{"@id":"https:\/\/www.skrateljc.org\/#\/schema\/logo\/image\/"},"sameAs":["https:\/\/www.facebook.com\/skrateljc","https:\/\/www.youtube.com\/channel\/UCffLgYSmHefkqvSMHeoLSDg","https:\/\/www.instagram.com\/zavodskrateljc"]}]}},"_links":{"self":[{"href":"https:\/\/www.skrateljc.org\/it\/wp-json\/wp\/v2\/pages\/7676","targetHints":{"allow":["GET"]}}],"collection":[{"href":"https:\/\/www.skrateljc.org\/it\/wp-json\/wp\/v2\/pages"}],"about":[{"href":"https:\/\/www.skrateljc.org\/it\/wp-json\/wp\/v2\/types\/page"}],"author":[{"embeddable":true,"href":"https:\/\/www.skrateljc.org\/it\/wp-json\/wp\/v2\/users\/2"}],"replies":[{"embeddable":true,"href":"https:\/\/www.skrateljc.org\/it\/wp-json\/wp\/v2\/comments?post=7676"}],"version-history":[{"count":57,"href":"https:\/\/www.skrateljc.org\/it\/wp-json\/wp\/v2\/pages\/7676\/revisions"}],"predecessor-version":[{"id":30658,"href":"https:\/\/www.skrateljc.org\/it\/wp-json\/wp\/v2\/pages\/7676\/revisions\/30658"}],"wp:attachment":[{"href":"https:\/\/www.skrateljc.org\/it\/wp-json\/wp\/v2\/media?parent=7676"}],"curies":[{"name":"wp","href":"https:\/\/api.w.org\/{rel}","templated":true}]}}